{"id":44632,"date":"2025-06-18T07:48:09","date_gmt":"2025-06-18T07:48:09","guid":{"rendered":"https:\/\/fundacionlegar.org\/?page_id=44632"},"modified":"2025-11-20T13:44:37","modified_gmt":"2025-11-20T13:44:37","slug":"centro-interpretacion-musica-de-raiz","status":"publish","type":"page","link":"https:\/\/fundacionlegar.org\/gl\/centro-interpretacion-musica-de-raiz\/","title":{"rendered":"Centro De Interpretaci\u00f3n da M\u00fasica de Ra\u00edz"},"content":{"rendered":"<p>[et_pb_section fb_built=\u00bb1&#8243; admin_label=\u00bbHeader\u00bb _builder_version=\u00bb4.27.4&#8243; _module_preset=\u00bbdefault\u00bb background_color=\u00bb#ded2c0&#8243; background_image=\u00bbhttps:\/\/pequenolambon.lkx.es\/wp-content\/uploads\/2023\/04\/inicio-1.jpg\u00bb background_video_mp4=\u00bbhttps:\/\/fundacionlegar.org\/wp-content\/uploads\/2025\/06\/teaser-legar-bm.mp4&#8243; min_height=\u00bb90vh\u00bb height=\u00bb90vh\u00bb height_tablet=\u00bb90vh\u00bb height_phone=\u00bb90vh\u00bb height_last_edited=\u00bbon|phone\u00bb max_height=\u00bb100vh\u00bb max_height_tablet=\u00bb90vh\u00bb max_height_phone=\u00bb90vh\u00bb max_height_last_edited=\u00bbon|tablet\u00bb collapsed=\u00bboff\u00bb global_colors_info=\u00bb{}\u00bb][et_pb_row _builder_version=\u00bb4.27.4&#8243; _module_preset=\u00bbdefault\u00bb custom_margin=\u00bb17rem||17rem||true|false\u00bb global_colors_info=\u00bb{}\u00bb][et_pb_column type=\u00bb4_4&#8243; _builder_version=\u00bb4.20.4&#8243; _module_preset=\u00bbdefault\u00bb global_colors_info=\u00bb{}\u00bb][et_pb_text _builder_version=\u00bb4.27.4&#8243; _module_preset=\u00bbdefault\u00bb text_font=\u00bbAlegreya||||||||\u00bb header_text_align=\u00bbcenter\u00bb header_text_color=\u00bb#FFFFFF\u00bb inline_fonts=\u00bbAlegreya\u00bb global_colors_info=\u00bb{}\u00bb]<\/p>\n<h1><span style=\"font-family: Alegreya; font-weight: normal; color: #ffffff;\">Centro de interpretaci\u00f3n<br \/>da m\u00fasica de ra\u00edz<\/span><\/h1>\n<p>[\/et_pb_text][et_pb_button button_url=\u00bbhttps:\/\/www.youtube.com\/watch?v=Hp1N0ga0Jn4&#8243; button_text=\u00bbVer v\u00eddeo completo\u00bb button_alignment=\u00bbcenter\u00bb _builder_version=\u00bb4.27.4&#8243; _module_preset=\u00bbdefault\u00bb custom_padding=\u00bb0.8rem||0.8rem|1rem|true|false\u00bb global_colors_info=\u00bb{}\u00bb][\/et_pb_button][\/et_pb_column][\/et_pb_row][\/et_pb_section][et_pb_section fb_built=\u00bb1&#8243; custom_padding_last_edited=\u00bbon|phone\u00bb _builder_version=\u00bb4.27.4&#8243; _module_preset=\u00bbdefault\u00bb custom_padding=\u00bb6rem||6rem||true|false\u00bb custom_padding_tablet=\u00bb2rem||2rem||true|false\u00bb custom_padding_phone=\u00bb2rem||2rem||true|false\u00bb global_colors_info=\u00bb{}\u00bb][et_pb_row column_structure=\u00bb1_2,1_2&#8243; use_custom_gutter=\u00bbon\u00bb gutter_width=\u00bb2&#8243; custom_padding_last_edited=\u00bbon|phone\u00bb _builder_version=\u00bb4.27.4&#8243; _module_preset=\u00bbdefault\u00bb width=\u00bb90%\u00bb max_width=\u00bb80%\u00bb max_width_tablet=\u00bb90%\u00bb max_width_phone=\u00bb90%\u00bb max_width_last_edited=\u00bbon|phone\u00bb custom_padding=\u00bb0px||0px||false|false\u00bb custom_padding_tablet=\u00bb0px||0px||false|false\u00bb custom_padding_phone=\u00bb0px||0px||false|false\u00bb locked=\u00bboff\u00bb global_colors_info=\u00bb{}\u00bb][et_pb_column type=\u00bb1_2&#8243; _builder_version=\u00bb4.27.4&#8243; _module_preset=\u00bbdefault\u00bb background_enable_color=\u00bboff\u00bb custom_padding=\u00bb||||true|true\u00bb custom_padding_tablet=\u00bb40px|0px|40px|0px|true|true\u00bb custom_padding_phone=\u00bb40px|0px|40px|0px|true|true\u00bb custom_padding_last_edited=\u00bbon|phone\u00bb sticky_position=\u00bbtop\u00bb sticky_limit_top=\u00bbrow\u00bb sticky_limit_bottom=\u00bbsection\u00bb sticky_position_tablet=\u00bbnone\u00bb sticky_position_phone=\u00bb\u00bb sticky_position_last_edited=\u00bbon|desktop\u00bb sticky_offset_top_tablet=\u00bb\u00bb sticky_offset_top_phone=\u00bb\u00bb sticky_offset_top_last_edited=\u00bbon|tablet\u00bb border_radii=\u00bbon|6px|6px|6px|6px\u00bb global_colors_info=\u00bb{%22gcid-a93f2103-1d8b-43bb-b21d-81d84bba8b15%22:%91%22background_color_1%22,%22background_color%22%93}\u00bb][et_pb_blurb title=\u00bbReservas\u00bb image_icon_background_color=\u00bbRGBA(255,255,255,0)\u00bb icon_placement=\u00bbleft\u00bb image_icon_width=\u00bb80%\u00bb content_max_width=\u00bb100%\u00bb _builder_version=\u00bb4.27.4&#8243; _module_preset=\u00bb_initial\u00bb header_level=\u00bbh2&#8243; header_font=\u00bb|500|||||||\u00bb header_font_size=\u00bb15px\u00bb header_line_height=\u00bb1.4em\u00bb body_font=\u00bb||||||||\u00bb body_font_size=\u00bb16px\u00bb body_line_height=\u00bb1.8em\u00bb body_link_font=\u00bb||||on||||\u00bb body_link_text_color=\u00bbgcid-779a3d53-700b-4950-9fae-611323b51b16&#8243; background_color=\u00bb#ded2c0&#8243; image_icon_custom_padding=\u00bb||||true|true\u00bb custom_margin=\u00bb||||false|false\u00bb custom_padding=\u00bb40px|15px|40px|15px|true|true\u00bb animation=\u00bboff\u00bb header_font_size_tablet=\u00bb16px\u00bb header_font_size_phone=\u00bb14px\u00bb header_font_size_last_edited=\u00bbon|desktop\u00bb body_font_size_tablet=\u00bb15px\u00bb body_font_size_phone=\u00bb14px\u00bb body_font_size_last_edited=\u00bbon|desktop\u00bb border_color_all=\u00bbrgba(0,0,0,0.12)\u00bb border_style_all_image=\u00bbnone\u00bb box_shadow_style=\u00bbpreset1&#8243; box_shadow_vertical=\u00bb3px\u00bb box_shadow_blur=\u00bb19px\u00bb box_shadow_spread=\u00bb-12px\u00bb locked=\u00bboff\u00bb global_colors_info=\u00bb{%22gcid-a93f2103-1d8b-43bb-b21d-81d84bba8b15%22:%91%22background_color_1%22,%22background_color_1%22,%22background_color_1%22,%22image_icon_background_color%22,%22image_icon_background_color%22,%22image_icon_background_color%22,%22image_icon_background_color%22,%22image_icon_background_color%22,%22background_color_1%22,%22image_icon_background_color%22,%22image_icon_background_color%22%93,%22gcid-779a3d53-700b-4950-9fae-611323b51b16%22:%91%22body_link_text_color%22,%22body_link_text_color%22,%22body_link_text_color%22,%22body_link_text_color%22,%22body_link_text_color%22,%22body_link_text_color%22,%22body_link_text_color%22%93}\u00bb]<\/p>\n<p><a style=\"color: #32491b !important; text-decoration: none;\" href=\"tel:622832227\">622832227<\/a> \/ <a style=\"color: #32491b !important; text-decoration: none;\" href=\"tel:667380573\">667380573<\/a><\/p>\n<p>[\/et_pb_blurb][et_pb_button button_url=\u00bbhttps:\/\/museos.xunta.gal\/gl\u00bb button_text=\u00bbMuseos de Galicia\u00bb _builder_version=\u00bb4.27.4&#8243; _module_preset=\u00bbdefault\u00bb custom_button=\u00bbon\u00bb button_border_radius=\u00bb6px\u00bb custom_padding=\u00bb0.8rem||0.8rem|1rem|true|false\u00bb box_shadow_style=\u00bbpreset1&#8243; box_shadow_vertical=\u00bb3px\u00bb box_shadow_blur=\u00bb19px\u00bb box_shadow_spread=\u00bb-12px\u00bb global_colors_info=\u00bb{%22gcid-a93f2103-1d8b-43bb-b21d-81d84bba8b15%22:%91%22background_color_1%22,%22background_color_1%22,%22background_color_1%22,%22image_icon_background_color%22,%22image_icon_background_color%22,%22image_icon_background_color%22,%22image_icon_background_color%22,%22image_icon_background_color%22,%22background_color_1%22,%22image_icon_background_color%22,%22image_icon_background_color%22%93,%22gcid-779a3d53-700b-4950-9fae-611323b51b16%22:%91%22body_link_text_color%22,%22body_link_text_color%22,%22body_link_text_color%22,%22body_link_text_color%22,%22body_link_text_color%22,%22body_link_text_color%22,%22body_link_text_color%22%93}\u00bb][\/et_pb_button][\/et_pb_column][et_pb_column type=\u00bb1_2&#8243; _builder_version=\u00bb4.27.4&#8243; _module_preset=\u00bbdefault\u00bb global_colors_info=\u00bb{}\u00bb][et_pb_blurb title=\u00bbHorarios\u00bb image_icon_background_color=\u00bbRGBA(255,255,255,0)\u00bb image=\u00bbhttps:\/\/fundacionlegar.org\/wp-content\/uploads\/2025\/10\/bullet.svg\u00bb image_icon_width=\u00bb40px\u00bb icon_alignment=\u00bbleft\u00bb content_max_width=\u00bb100%\u00bb image_icon_width_tablet=\u00bb40px\u00bb image_icon_width_phone=\u00bb40px\u00bb image_icon_width_last_edited=\u00bbon|desktop\u00bb icon_alignment_tablet=\u00bbleft\u00bb icon_alignment_phone=\u00bbleft\u00bb icon_alignment_last_edited=\u00bbon|phone\u00bb _builder_version=\u00bb4.27.4&#8243; _module_preset=\u00bb_initial\u00bb header_level=\u00bbh3&#8243; header_font=\u00bbInter|700|||||||\u00bb header_font_size=\u00bb15px\u00bb header_line_height=\u00bb1.4em\u00bb body_font=\u00bb||||||||\u00bb body_font_size=\u00bb16px\u00bb body_line_height=\u00bb1.8em\u00bb body_link_font=\u00bb||||on||||\u00bb body_link_text_color=\u00bbgcid-779a3d53-700b-4950-9fae-611323b51b16&#8243; image_icon_custom_padding=\u00bb||||true|true\u00bb custom_margin=\u00bb||||false|false\u00bb custom_padding=\u00bb40px|15px|40px|15px|true|true\u00bb animation=\u00bboff\u00bb header_font_size_tablet=\u00bb16px\u00bb header_font_size_phone=\u00bb14px\u00bb header_font_size_last_edited=\u00bbon|desktop\u00bb body_font_size_tablet=\u00bb15px\u00bb body_font_size_phone=\u00bb14px\u00bb body_font_size_last_edited=\u00bbon|desktop\u00bb border_width_all=\u00bb2px\u00bb border_color_all=\u00bbrgba(0,0,0,0.12)\u00bb border_style_all_image=\u00bbnone\u00bb locked=\u00bboff\u00bb global_colors_info=\u00bb{%22gcid-a93f2103-1d8b-43bb-b21d-81d84bba8b15%22:%91%22background_color_1%22,%22background_color%22,%22background_color_1%22,%22background_color%22,%22image_icon_background_color%22,%22image_icon_background_color%22,%22image_icon_background_color%22,%22image_icon_background_color%22,%22image_icon_background_color%22,%22background_color_1%22,%22background_color%22,%22image_icon_background_color%22,%22image_icon_background_color%22%93,%22gcid-779a3d53-700b-4950-9fae-611323b51b16%22:%91%22body_link_text_color%22,%22body_link_text_color%22,%22body_link_text_color%22,%22body_link_text_color%22,%22body_link_text_color%22,%22body_link_text_color%22,%22body_link_text_color%22%93}\u00bb]<\/p>\n<p>O Centro abre as s\u00faas portas de<strong> venres a domingo e en d\u00edas festivos<\/strong>:<\/p>\n<p><strong>Venres:<\/strong> de 18:00 a 20:00 h<\/p>\n<p><strong>S\u00e1bados:<\/strong> de 10:00 a 13:00 e de 16:00 a 20:00<\/p>\n<p><strong>Domingos:<\/strong> de 10:00 a 14:00 h<\/p>\n<p><em><strong>Flexibilidade horaria<\/strong>: ademais do horario habitual, \u00e9 posible concertar visitas noutros horarios, sempre baixo <strong>solicitude previa<\/strong> e suxeito a dispo\u00f1ibilidade.<\/em><\/p>\n<p>[\/et_pb_blurb][et_pb_blurb title=\u00bbTarifas\u00bb image_icon_background_color=\u00bbRGBA(255,255,255,0)\u00bb image=\u00bbhttps:\/\/fundacionlegar.org\/wp-content\/uploads\/2025\/10\/bullet.svg\u00bb image_icon_width=\u00bb40px\u00bb icon_alignment=\u00bbleft\u00bb content_max_width=\u00bb100%\u00bb image_icon_width_tablet=\u00bb40px\u00bb image_icon_width_phone=\u00bb40px\u00bb image_icon_width_last_edited=\u00bbon|desktop\u00bb icon_alignment_tablet=\u00bbleft\u00bb icon_alignment_phone=\u00bbleft\u00bb icon_alignment_last_edited=\u00bbon|phone\u00bb _builder_version=\u00bb4.27.4&#8243; _module_preset=\u00bb_initial\u00bb header_level=\u00bbh3&#8243; header_font=\u00bbInter|700|||||||\u00bb header_font_size=\u00bb15px\u00bb header_line_height=\u00bb1.4em\u00bb body_font=\u00bb||||||||\u00bb body_font_size=\u00bb16px\u00bb body_line_height=\u00bb1.8em\u00bb body_link_font=\u00bb||||on||||\u00bb body_link_text_color=\u00bbgcid-779a3d53-700b-4950-9fae-611323b51b16&#8243; image_icon_custom_padding=\u00bb||||true|true\u00bb custom_margin=\u00bb||||false|false\u00bb custom_padding=\u00bb40px|15px|40px|15px|true|true\u00bb animation=\u00bboff\u00bb header_font_size_tablet=\u00bb16px\u00bb header_font_size_phone=\u00bb14px\u00bb header_font_size_last_edited=\u00bbon|desktop\u00bb body_font_size_tablet=\u00bb15px\u00bb body_font_size_phone=\u00bb14px\u00bb body_font_size_last_edited=\u00bbon|desktop\u00bb border_width_all=\u00bb2px\u00bb border_color_all=\u00bbrgba(0,0,0,0.12)\u00bb border_style_all_image=\u00bbnone\u00bb locked=\u00bboff\u00bb global_colors_info=\u00bb{%22gcid-a93f2103-1d8b-43bb-b21d-81d84bba8b15%22:%91%22background_color_1%22,%22background_color%22,%22background_color_1%22,%22background_color%22,%22image_icon_background_color%22,%22image_icon_background_color%22,%22image_icon_background_color%22,%22image_icon_background_color%22,%22image_icon_background_color%22,%22background_color_1%22,%22background_color%22,%22image_icon_background_color%22,%22image_icon_background_color%22,%22background_color_1%22,%22background_color%22,%22background_color_1%22,%22background_color%22,%22image_icon_background_color%22,%22image_icon_background_color%22,%22image_icon_background_color%22,%22image_icon_background_color%22,%22image_icon_background_color%22%93,%22gcid-779a3d53-700b-4950-9fae-611323b51b16%22:%91%22body_link_text_color%22,%22body_link_text_color%22,%22body_link_text_color%22,%22body_link_text_color%22,%22body_link_text_color%22,%22body_link_text_color%22,%22body_link_text_color%22,%22body_link_text_color%22,%22body_link_text_color%22,%22body_link_text_color%22,%22body_link_text_color%22,%22body_link_text_color%22%93}\u00bb]<\/p>\n<p><strong>Entrada xeral:<\/strong> 3 \u20ac<br \/><strong>Menores de 3 a\u00f1os<\/strong>: 1 \u20ac<br \/><strong>Obradoiros b\u00e1sicos<\/strong>: 12 \u20ac por persoa<\/p>\n<p>[\/et_pb_blurb][et_pb_blurb title=\u00bbVer mapa\u00bb image_icon_background_color=\u00bbRGBA(255,255,255,0)\u00bb image=\u00bbhttps:\/\/fundacionlegar.org\/wp-content\/uploads\/2025\/10\/bullet.svg\u00bb alt=\u00bbVer mapa en google maps\u00bb image_icon_width=\u00bb40px\u00bb icon_alignment=\u00bbleft\u00bb content_max_width=\u00bb100%\u00bb image_icon_width_tablet=\u00bb40px\u00bb image_icon_width_phone=\u00bb40px\u00bb image_icon_width_last_edited=\u00bbon|desktop\u00bb icon_alignment_tablet=\u00bbleft\u00bb icon_alignment_phone=\u00bbleft\u00bb icon_alignment_last_edited=\u00bbon|phone\u00bb _builder_version=\u00bb4.27.4&#8243; _module_preset=\u00bb_initial\u00bb header_level=\u00bbh3&#8243; header_font=\u00bbInter|700|||||||\u00bb header_font_size=\u00bb15px\u00bb header_line_height=\u00bb1.4em\u00bb body_font=\u00bb||||||||\u00bb body_font_size=\u00bb16px\u00bb body_line_height=\u00bb1.8em\u00bb body_link_font=\u00bb||||on||||\u00bb body_link_text_color=\u00bbgcid-779a3d53-700b-4950-9fae-611323b51b16&#8243; image_icon_custom_padding=\u00bb||||true|true\u00bb custom_margin=\u00bb||||false|false\u00bb custom_padding=\u00bb40px|15px|40px|15px|true|true\u00bb animation=\u00bboff\u00bb link_option_url=\u00bbhttps:\/\/maps.app.goo.gl\/99SaJVVjKpADA6FXA\u00bb header_font_size_tablet=\u00bb16px\u00bb header_font_size_phone=\u00bb14px\u00bb header_font_size_last_edited=\u00bbon|desktop\u00bb body_font_size_tablet=\u00bb15px\u00bb body_font_size_phone=\u00bb14px\u00bb body_font_size_last_edited=\u00bbon|desktop\u00bb border_width_all=\u00bb2px\u00bb border_color_all=\u00bbrgba(0,0,0,0.12)\u00bb border_style_all_image=\u00bbnone\u00bb locked=\u00bboff\u00bb global_colors_info=\u00bb{%22gcid-a93f2103-1d8b-43bb-b21d-81d84bba8b15%22:%91%22background_color_1%22,%22background_color%22,%22background_color_1%22,%22background_color%22,%22image_icon_background_color%22,%22image_icon_background_color%22,%22image_icon_background_color%22,%22image_icon_background_color%22,%22image_icon_background_color%22,%22background_color_1%22,%22background_color%22,%22image_icon_background_color%22,%22image_icon_background_color%22,%22background_color_1%22,%22background_color%22,%22background_color_1%22,%22background_color%22,%22image_icon_background_color%22,%22image_icon_background_color%22,%22image_icon_background_color%22%93,%22gcid-779a3d53-700b-4950-9fae-611323b51b16%22:%91%22body_link_text_color%22,%22body_link_text_color%22,%22body_link_text_color%22,%22body_link_text_color%22,%22body_link_text_color%22,%22body_link_text_color%22,%22body_link_text_color%22,%22body_link_text_color%22,%22body_link_text_color%22,%22body_link_text_color%22%93}\u00bb][\/et_pb_blurb][et_pb_blurb title=\u00bbServicios disponibles\u00bb image_icon_background_color=\u00bbRGBA(255,255,255,0)\u00bb image=\u00bbhttps:\/\/fundacionlegar.org\/wp-content\/uploads\/2025\/10\/bullet.svg\u00bb image_icon_width=\u00bb40px\u00bb icon_alignment=\u00bbleft\u00bb content_max_width=\u00bb100%\u00bb image_icon_width_tablet=\u00bb40px\u00bb image_icon_width_phone=\u00bb40px\u00bb image_icon_width_last_edited=\u00bbon|desktop\u00bb icon_alignment_tablet=\u00bbleft\u00bb icon_alignment_phone=\u00bbleft\u00bb icon_alignment_last_edited=\u00bbon|phone\u00bb _builder_version=\u00bb4.27.4&#8243; _module_preset=\u00bb_initial\u00bb header_level=\u00bbh3&#8243; header_font=\u00bbInter|700|||||||\u00bb header_font_size=\u00bb15px\u00bb header_line_height=\u00bb1.4em\u00bb body_font=\u00bb||||||||\u00bb body_font_size=\u00bb16px\u00bb body_line_height=\u00bb1.8em\u00bb body_link_font=\u00bb||||on||||\u00bb body_link_text_color=\u00bbgcid-779a3d53-700b-4950-9fae-611323b51b16&#8243; image_icon_custom_padding=\u00bb||||true|true\u00bb custom_margin=\u00bb||||false|false\u00bb custom_padding=\u00bb40px|15px|40px|15px|true|true\u00bb animation=\u00bboff\u00bb header_font_size_tablet=\u00bb16px\u00bb header_font_size_phone=\u00bb14px\u00bb header_font_size_last_edited=\u00bbon|desktop\u00bb body_font_size_tablet=\u00bb15px\u00bb body_font_size_phone=\u00bb14px\u00bb body_font_size_last_edited=\u00bbon|desktop\u00bb border_width_all=\u00bb2px\u00bb border_color_all=\u00bbrgba(0,0,0,0.12)\u00bb border_style_all_image=\u00bbnone\u00bb locked=\u00bboff\u00bb global_colors_info=\u00bb{%22gcid-a93f2103-1d8b-43bb-b21d-81d84bba8b15%22:%91%22background_color_1%22,%22background_color%22,%22background_color_1%22,%22background_color%22,%22image_icon_background_color%22,%22image_icon_background_color%22,%22image_icon_background_color%22,%22image_icon_background_color%22,%22image_icon_background_color%22,%22background_color_1%22,%22background_color%22,%22image_icon_background_color%22,%22image_icon_background_color%22,%22background_color_1%22,%22background_color%22,%22background_color_1%22,%22background_color%22,%22image_icon_background_color%22,%22image_icon_background_color%22,%22image_icon_background_color%22,%22image_icon_background_color%22,%22image_icon_background_color%22%93,%22gcid-779a3d53-700b-4950-9fae-611323b51b16%22:%91%22body_link_text_color%22,%22body_link_text_color%22,%22body_link_text_color%22,%22body_link_text_color%22,%22body_link_text_color%22,%22body_link_text_color%22,%22body_link_text_color%22,%22body_link_text_color%22,%22body_link_text_color%22,%22body_link_text_color%22,%22body_link_text_color%22,%22body_link_text_color%22%93}\u00bb]<\/p>\n<p><strong>Visitas guiadas personalizadas:<\/strong> Duraci\u00f3n aproximada dunha hora, sempre en grupos pequenos. \u00c9 preciso reservar por tel\u00e9fono ou correo electr\u00f3nico.<br \/><strong>Accesibilidade universal:<\/strong> O Centro ofrece axudas t\u00e9cnicas que permiten \u00e1s persoas con diversidade funcional acceder a todos os espazos e participar plenamente na experiencia, garantindo que a visita sexa inclusiva para todos.<br \/><strong>Tenda:<\/strong> CDs, publicaci\u00f3ns, materiais educativos, pequenos instrumentos e recordos relacionados coa m\u00fasica de ra\u00edz e a cultura galega.<\/p>\n<p>[\/et_pb_blurb][\/et_pb_column][\/et_pb_row][\/et_pb_section][et_pb_section fb_built=\u00bb1&#8243; admin_label=\u00bbbloque imagen\u00bb _builder_version=\u00bb4.20.4&#8243; _module_preset=\u00bbdefault\u00bb custom_margin=\u00bb0px|0px|0px|0px|true|true\u00bb custom_padding=\u00bb0px|0px|0px|0px|true|true\u00bb locked=\u00bboff\u00bb collapsed=\u00bboff\u00bb global_colors_info=\u00bb{}\u00bb][et_pb_row column_structure=\u00bb1_2,1_2&#8243; use_custom_gutter=\u00bbon\u00bb gutter_width=\u00bb1&#8243; disabled_on=\u00bboff|off|off\u00bb module_class=\u00bbrow-equal-columns\u00bb _builder_version=\u00bb4.27.4&#8243; _module_preset=\u00bbdefault\u00bb width=\u00bb100%\u00bb max_width=\u00bb100%\u00bb custom_margin=\u00bb0px|0px|0px|0px|true|true\u00bb custom_margin_tablet=\u00bb0px|0px|0px|0px|true|true\u00bb custom_margin_phone=\u00bb0px|0px|0px|0px|true|true\u00bb custom_margin_last_edited=\u00bbon|tablet\u00bb custom_padding=\u00bb0px|0px|0px|0px|true|true\u00bb global_colors_info=\u00bb{}\u00bb][et_pb_column type=\u00bb1_2&#8243; module_class=\u00bbcol-image\u00bb _builder_version=\u00bb4.27.4&#8243; _module_preset=\u00bbdefault\u00bb custom_padding=\u00bb|0px||0px|false|true\u00bb custom_padding_tablet=\u00bb|0rem||0rem|false|true\u00bb custom_padding_phone=\u00bb|0rem||0rem|false|true\u00bb custom_padding_last_edited=\u00bbon|phone\u00bb border_width_all=\u00bb1px\u00bb border_color_all=\u00bb#FFFFFF\u00bb global_colors_info=\u00bb{}\u00bb][et_pb_image src=\u00bbhttps:\/\/fundacionlegar.org\/wp-content\/uploads\/2025\/10\/museo.jpg\u00bb alt=\u00bbIMAGEN REPRESENTATIVA MUSEO\u00bb title_text=\u00bbmuseo\u00bb align=\u00bbcenter\u00bb force_fullwidth=\u00bbon\u00bb src_tablet=\u00bbhttps:\/\/fundacionlegar.org\/wp-content\/uploads\/2025\/06\/IMG_1916-Mejorado-NR-scaled.jpg\u00bb src_phone=\u00bbhttps:\/\/fundacionlegar.org\/wp-content\/uploads\/2025\/06\/IMG_1916-Mejorado-NR-scaled.jpg\u00bb src_last_edited=\u00bboff|desktop\u00bb module_class=\u00bbimage-fill\u00bb _builder_version=\u00bb4.27.4&#8243; _module_preset=\u00bbdefault\u00bb box_shadow_style=\u00bbpreset1&#8243; box_shadow_vertical=\u00bb24px\u00bb box_shadow_blur=\u00bb72px\u00bb box_shadow_spread=\u00bb-12px\u00bb box_shadow_color=\u00bbrgba(0,0,0,0.12)\u00bb global_colors_info=\u00bb{%22gcid-7cadd8b3-5228-48e4-90c4-212d09232f7b%22:%91%22color%22%93}\u00bb background__hover_enabled=\u00bbon|desktop\u00bb][\/et_pb_image][\/et_pb_column][et_pb_column type=\u00bb1_2&#8243; module_class=\u00bbaling-center\u00bb _builder_version=\u00bb4.27.4&#8243; _module_preset=\u00bbdefault\u00bb custom_padding=\u00bb|3rem||3rem|false|false\u00bb custom_padding_tablet=\u00bb|3rem||3rem|false|false\u00bb custom_padding_phone=\u00bb|2rem||2rem|false|false\u00bb custom_padding_last_edited=\u00bbon|phone\u00bb global_colors_info=\u00bb{}\u00bb][et_pb_text module_id=\u00bbtxt-sup\u00bb _builder_version=\u00bb4.27.4&#8243; _module_preset=\u00bbdefault\u00bb header_2_text_color=\u00bb#D14000&#8243; custom_margin=\u00bb6rem||||false|false\u00bb custom_margin_tablet=\u00bb2rem||||false|false\u00bb custom_margin_phone=\u00bb||||false|false\u00bb custom_margin_last_edited=\u00bbon|phone\u00bb locked=\u00bboff\u00bb global_colors_info=\u00bb{}\u00bb]<\/p>\n<h2><span style=\"color: #32491b;\">Centro de interpretaci\u00f3n<\/span><\/h2>\n<p>[\/et_pb_text][et_pb_text _builder_version=\u00bb4.27.4&#8243; _module_preset=\u00bbdefault\u00bb text_text_color=\u00bb#A38383&#8243; header_2_text_color=\u00bb#FFFFFF\u00bb custom_margin=\u00bb1rem||4rem||false|false\u00bb custom_margin_tablet=\u00bb||2rem||false|false\u00bb custom_margin_phone=\u00bb||2rem||false|false\u00bb custom_margin_last_edited=\u00bbon|phone\u00bb global_colors_info=\u00bb{}\u00bb]<\/p>\n<div class=\"nev7se\" data-cp=\"1\" data-nnttsvi=\"1\" data-ntl-fpwrite=\"true\" data-sletp=\"false\" data-sm=\"1\" data-ssbp=\"false\" data-sugg-time=\"500\" data-sugg-url=\"https:\/\/clients1.google.com\/complete\/search\" data-uilc=\"gl\" data-vil=\",af,af-ZA,am,am-ET,ar-EG,ar-AE,ar-KW,ar-QA,ar,ar-IL,ar-JO,ar-LB,ar-PS,az,az-AZ,bg,bg-BG,bn,bn-BD,bn-IN,ca,ca-es,cs,cs-CZ,de,de-DE,de-CH,de-AT,de-LI,en,en-US,en-CA,en-AU,en-NZ,en-GB,en-IN,en-KE,en-TZ,en-NG,en-GH,en-PH,en-ZA,es,es-ES,es-AR,es-UY,es-419,es-BO,es-CL,es-CR,es-CO,es-DO,es-EC,es-GT,es-HN,es-NI,es-PA,es-PE,es-PR,es-PY,es-SV,es-VE,es-MX,es-US,eu,eu-ES,fi,fi-FI,fr,fr-FR,fr-CH,fr-BE,gl,gl-ES,gu,gu-IN,he,he-IL,iw,iw-IL,hu,hu-HU,hy,hy-AM,id,id-ID,is,is-IS,it,it-IT,it-CH,ja,ja-JP,jv,jv-ID,ka,ka-GE,km,km-KH,kn,kn-IN,ko,ko-KR,la,lo,lo-LA,lv,lv-LV,ml,ml-IN,mr,mr-IN,ms,ms-MY,nl,nl-NL,nb,nb-NO,ne,ne-NP,pl,pl-PL,pt,pt-BR,pt-PT,ro,ro-RO,ru,ru-RU,si-LK,sk,sk-SK,sr,sr-RS,su,su-ID,sv,sv-SE,sw,sw-TZ,sw-KE,ta,ta-IN,ta-SG,ta-LK,ta-MY,te,te-IN,tr,tr-TR,ur,ur-PK,ur-IN,yue,yue-HK,yue-Hant-HK,zh-HK,zh,zh-CN,zh-cmn,zh-cmn-CN,zh-Hans,zh-Hans-CN,zh-cmn-Hans,zh-cmn-Hans-CN,cmn-CN,cmn-Hans,cmn-Hans-CN,zh-TW,zh-Hant-TW,cmn-TW,cmn-Hant-TW,zh-cmn-TW,zh-cmn-Hant-TW,zu,zu-ZA,hi,hi-IN,tl,tl-PH,pa,pa-IN\" id=\"tw-container\">\n<p>O <strong>Centro de Interpretaci\u00f3n da M\u00fasica de Ra\u00edz<\/strong> est\u00e1 situado na aldea da Seara, no concello de Quiroga, nun entorno natural de gran beleza paisax\u00edstica no coraz\u00f3n do <strong>Xeoparque Mundial das Monta\u00f1as do Courel.<\/strong> A Seara \u00e9 unha das aldeas m\u00e1is representativas da Serra do Courel. De orixe medieval, conta cun patrimonio arquitect\u00f3nico que amosa as principais caracter\u00edsticas da arquitectura de monta\u00f1a, constitu\u00edndo un magn\u00edfico conxunto de interese etnogr\u00e1fico.<\/p>\n<p>O centro de interpretaci\u00f3n \u00e9 un espazo dedicado \u00e1 <strong>preservaci\u00f3n e difusi\u00f3n da m\u00fasica tradicional gallega<\/strong>, os seus instrumentos e o co\u00f1ecemento asociado. Define a m\u00fasica como parte do <strong>identidade e memoria colectiva<\/strong>, e ofrece unha experiencia para escoitar, tocar e sentir os sons que acompa\u00f1aron a vida das comunidades gallegas ao longo do tempo.<\/p>\n<p><g-expandable-container jscontroller=\"QE1bwd\" data-npd=\"1\" data-slct=\"mnr-c\" jsshadow=\"\" jsaction=\"C7xow:Z6bwpe;xNpQtd:Nh5q2c;U6VCqe:GsRPff;Ep2Mgc:AgioGc;BDs6B:fW2qAb;ep03Ne:AvkpRc;gvA4Rc:yELBLe\"><\/g-expandable-container><\/p>\n<\/div>\n<p>[\/et_pb_text][\/et_pb_column][\/et_pb_row][\/et_pb_section][et_pb_section fb_built=\u00bb1&#8243; admin_label=\u00bbEventos\u00bb module_class=\u00bbparallax-izq \u00bb _builder_version=\u00bb4.27.4&#8243; _module_preset=\u00bbdefault\u00bb background_image=\u00bbhttps:\/\/fundacionlegar.org\/wp-content\/uploads\/2025\/06\/bg-transparent-1.png\u00bb parallax=\u00bbon\u00bb parallax_method=\u00bboff\u00bb custom_margin=\u00bb0px|0px|0px|0px|true|true\u00bb custom_padding=\u00bb0px|0px|0px|0px|true|true\u00bb locked=\u00bboff\u00bb collapsed=\u00bboff\u00bb global_colors_info=\u00bb{}\u00bb][et_pb_row column_structure=\u00bb1_2,1_2&#8243; use_custom_gutter=\u00bbon\u00bb gutter_width=\u00bb1&#8243; custom_padding_last_edited=\u00bbon|desktop\u00bb _builder_version=\u00bb4.27.4&#8243; _module_preset=\u00bbdefault\u00bb width=\u00bb100%\u00bb max_width=\u00bb100%\u00bb module_alignment=\u00bbcenter\u00bb custom_margin=\u00bb|262px||auto||\u00bb custom_padding=\u00bb6rem||6rem||true|false\u00bb custom_padding_tablet=\u00bb2rem|3rem|2rem|3rem|true|true\u00bb custom_padding_phone=\u00bb2rem|2rem|2rem|2rem|true|true\u00bb locked=\u00bboff\u00bb global_colors_info=\u00bb{}\u00bb][et_pb_column type=\u00bb1_2&#8243; module_class=\u00bbcol-image\u00bb _builder_version=\u00bb4.27.4&#8243; _module_preset=\u00bbdefault\u00bb custom_padding=\u00bb|0px||0px|false|true\u00bb custom_padding_tablet=\u00bb|0rem||0rem|false|true\u00bb custom_padding_phone=\u00bb|0rem||0rem|false|true\u00bb custom_padding_last_edited=\u00bbon|phone\u00bb global_colors_info=\u00bb{}\u00bb][et_pb_image src=\u00bbhttps:\/\/fundacionlegar.org\/wp-content\/uploads\/2025\/10\/bullet.svg\u00bb title_text=\u00bbbullet\u00bb src_tablet=\u00bbhttps:\/\/fundacionlegar.org\/wp-content\/uploads\/2025\/06\/IMG_1916-Mejorado-NR-scaled.jpg\u00bb src_phone=\u00bbhttps:\/\/fundacionlegar.org\/wp-content\/uploads\/2025\/06\/IMG_1916-Mejorado-NR-scaled.jpg\u00bb src_last_edited=\u00bboff|desktop\u00bb module_class=\u00bbimage-fill\u00bb _builder_version=\u00bb4.27.4&#8243; _module_preset=\u00bbdefault\u00bb positioning=\u00bbabsolute\u00bb position_origin_a=\u00bbbottom_right\u00bb vertical_offset=\u00bb-20%\u00bb horizontal_offset=\u00bb8%\u00bb z_index=\u00bb116&#8243; vertical_offset_tablet=\u00bb-20%\u00bb vertical_offset_phone=\u00bb-194%\u00bb vertical_offset_last_edited=\u00bbon|phone\u00bb horizontal_offset_tablet=\u00bb8%\u00bb horizontal_offset_phone=\u00bb59%\u00bb horizontal_offset_last_edited=\u00bbon|phone\u00bb width=\u00bb16%\u00bb custom_margin=\u00bb0px||0px||false|false\u00bb custom_padding=\u00bb0px||0px||true|false\u00bb hover_transition_speed_curve=\u00bbease-in\u00bb scroll_rotating_enable=\u00bbon\u00bb global_colors_info=\u00bb{%22gcid-7cadd8b3-5228-48e4-90c4-212d09232f7b%22:%91%22color%22%93}\u00bb][\/et_pb_image][\/et_pb_column][et_pb_column type=\u00bb1_2&#8243; module_class=\u00bbcol-image\u00bb _builder_version=\u00bb4.27.4&#8243; _module_preset=\u00bbdefault\u00bb custom_padding=\u00bb|0px||0px|false|true\u00bb custom_padding_tablet=\u00bb|0rem||0rem|false|true\u00bb custom_padding_phone=\u00bb|0rem||0rem|false|true\u00bb custom_padding_last_edited=\u00bbon|phone\u00bb global_colors_info=\u00bb{}\u00bb][et_pb_text module_id=\u00bbtxt-sup\u00bb _builder_version=\u00bb4.27.4&#8243; _module_preset=\u00bbdefault\u00bb header_2_text_color=\u00bb#D14000&#8243; custom_margin=\u00bb6rem||||false|false\u00bb custom_margin_tablet=\u00bb2rem||||false|false\u00bb custom_margin_phone=\u00bb||||false|false\u00bb custom_margin_last_edited=\u00bbon|phone\u00bb locked=\u00bboff\u00bb global_colors_info=\u00bb{}\u00bb]<\/p>\n<h2><span style=\"color: #32491b;\">A colecci\u00f3n<\/span><\/h2>\n<p>[\/et_pb_text][et_pb_text _builder_version=\u00bb4.27.4&#8243; _module_preset=\u00bbdefault\u00bb text_text_color=\u00bb#A38383&#8243; header_2_text_color=\u00bb#FFFFFF\u00bb custom_margin=\u00bb1rem||1rem||true|false\u00bb global_colors_info=\u00bb{}\u00bb]<\/p>\n<div class=\"nev7se\" data-cp=\"1\" data-nnttsvi=\"1\" data-ntl-fpwrite=\"true\" data-sletp=\"false\" data-sm=\"1\" data-ssbp=\"false\" data-sugg-time=\"500\" data-sugg-url=\"https:\/\/clients1.google.com\/complete\/search\" data-uilc=\"gl\" data-vil=\",af,af-ZA,am,am-ET,ar-EG,ar-AE,ar-KW,ar-QA,ar,ar-IL,ar-JO,ar-LB,ar-PS,az,az-AZ,bg,bg-BG,bn,bn-BD,bn-IN,ca,ca-es,cs,cs-CZ,de,de-DE,de-CH,de-AT,de-LI,en,en-US,en-CA,en-AU,en-NZ,en-GB,en-IN,en-KE,en-TZ,en-NG,en-GH,en-PH,en-ZA,es,es-ES,es-AR,es-UY,es-419,es-BO,es-CL,es-CR,es-CO,es-DO,es-EC,es-GT,es-HN,es-NI,es-PA,es-PE,es-PR,es-PY,es-SV,es-VE,es-MX,es-US,eu,eu-ES,fi,fi-FI,fr,fr-FR,fr-CH,fr-BE,gl,gl-ES,gu,gu-IN,he,he-IL,iw,iw-IL,hu,hu-HU,hy,hy-AM,id,id-ID,is,is-IS,it,it-IT,it-CH,ja,ja-JP,jv,jv-ID,ka,ka-GE,km,km-KH,kn,kn-IN,ko,ko-KR,la,lo,lo-LA,lv,lv-LV,ml,ml-IN,mr,mr-IN,ms,ms-MY,nl,nl-NL,nb,nb-NO,ne,ne-NP,pl,pl-PL,pt,pt-BR,pt-PT,ro,ro-RO,ru,ru-RU,si-LK,sk,sk-SK,sr,sr-RS,su,su-ID,sv,sv-SE,sw,sw-TZ,sw-KE,ta,ta-IN,ta-SG,ta-LK,ta-MY,te,te-IN,tr,tr-TR,ur,ur-PK,ur-IN,yue,yue-HK,yue-Hant-HK,zh-HK,zh,zh-CN,zh-cmn,zh-cmn-CN,zh-Hans,zh-Hans-CN,zh-cmn-Hans,zh-cmn-Hans-CN,cmn-CN,cmn-Hans,cmn-Hans-CN,zh-TW,zh-Hant-TW,cmn-TW,cmn-Hant-TW,zh-cmn-TW,zh-cmn-Hant-TW,zu,zu-ZA,hi,hi-IN,tl,tl-PH,pa,pa-IN\" id=\"tw-container\">\n<p data-start=\"0\" data-end=\"257\">O Centro conserva m\u00e1is de <strong data-start=\"26\" data-end=\"74\">1.200 instrumentos de m\u00fasica de ra\u00edz galega<\/strong>, as\u00ed como arquivos sonoros, documentaci\u00f3n e material audiovisual. Tr\u00e1tase dunha das colecci\u00f3ns m\u00e1is singulares do pa\u00eds, froito de m\u00e1is de <strong data-start=\"209\" data-end=\"254\">40 anos de investigaci\u00f3n de Xavier Blanco<\/strong>.<\/p>\n<p data-start=\"259\" data-end=\"315\" data-is-last-node=\"\" data-is-only-node=\"\">A exposici\u00f3n estruct\u00farase en <strong data-start=\"290\" data-end=\"314\">tres salas tem\u00e1ticas<\/strong>:<\/p>\n<\/div>\n<p>[\/et_pb_text][et_pb_blurb image_icon_background_color=\u00bbRGBA(255,255,255,0)\u00bb image=\u00bbhttps:\/\/fundacionlegar.org\/wp-content\/uploads\/2025\/10\/bullet.svg\u00bb icon_placement=\u00bbleft\u00bb image_icon_width=\u00bb80%\u00bb content_max_width=\u00bb100%\u00bb _builder_version=\u00bb4.27.4&#8243; _module_preset=\u00bb_initial\u00bb header_font=\u00bb|700|||||||\u00bb header_font_size=\u00bb15px\u00bb header_line_height=\u00bb1.4em\u00bb body_font=\u00bb||||||||\u00bb body_font_size=\u00bb16px\u00bb body_line_height=\u00bb1.8em\u00bb body_link_font=\u00bb||||on||||\u00bb body_link_text_color=\u00bbgcid-779a3d53-700b-4950-9fae-611323b51b16&#8243; image_icon_custom_padding=\u00bb||||true|true\u00bb custom_margin=\u00bb||||false|false\u00bb custom_padding=\u00bb1rem||1rem||true|true\u00bb animation=\u00bboff\u00bb header_font_size_tablet=\u00bb16px\u00bb header_font_size_phone=\u00bb14px\u00bb header_font_size_last_edited=\u00bbon|desktop\u00bb body_font_size_tablet=\u00bb15px\u00bb body_font_size_phone=\u00bb14px\u00bb body_font_size_last_edited=\u00bbon|desktop\u00bb border_radii=\u00bbon|6px|6px|6px|6px\u00bb border_color_all=\u00bbrgba(0,0,0,0.12)\u00bb locked=\u00bboff\u00bb global_colors_info=\u00bb{%22gcid-a93f2103-1d8b-43bb-b21d-81d84bba8b15%22:%91%22background_color_1%22,%22background_color%22,%22image_icon_background_color%22,%22image_icon_background_color%22,%22background_color_1%22,%22background_color%22,%22image_icon_background_color%22,%22image_icon_background_color%22,%22background_color_1%22,%22background_color%22,%22image_icon_background_color%22,%22image_icon_background_color%22%93,%22gcid-779a3d53-700b-4950-9fae-611323b51b16%22:%91%22body_link_text_color%22,%22body_link_text_color%22,%22body_link_text_color%22,%22body_link_text_color%22,%22body_link_text_color%22,%22body_link_text_color%22%93}\u00bb]<\/p>\n<p><strong>Sala 1. Instrumentos primitivos:<\/strong> creados con elementos da natureza, empregados para comunicarse, imitar sons ou realizar rituais.<\/p>\n<p>[\/et_pb_blurb][et_pb_blurb image_icon_background_color=\u00bbRGBA(255,255,255,0)\u00bb image=\u00bbhttps:\/\/fundacionlegar.org\/wp-content\/uploads\/2025\/10\/bullet.svg\u00bb icon_placement=\u00bbleft\u00bb image_icon_width=\u00bb80%\u00bb content_max_width=\u00bb100%\u00bb _builder_version=\u00bb4.27.4&#8243; _module_preset=\u00bb_initial\u00bb header_font=\u00bb|700|||||||\u00bb header_font_size=\u00bb15px\u00bb header_line_height=\u00bb1.4em\u00bb body_font=\u00bb||||||||\u00bb body_font_size=\u00bb16px\u00bb body_line_height=\u00bb1.8em\u00bb body_link_font=\u00bb||||on||||\u00bb body_link_text_color=\u00bbgcid-779a3d53-700b-4950-9fae-611323b51b16&#8243; image_icon_custom_padding=\u00bb||||true|true\u00bb custom_margin=\u00bb||||false|false\u00bb custom_padding=\u00bb1rem||1rem||true|true\u00bb animation=\u00bboff\u00bb header_font_size_tablet=\u00bb16px\u00bb header_font_size_phone=\u00bb14px\u00bb header_font_size_last_edited=\u00bbon|desktop\u00bb body_font_size_tablet=\u00bb15px\u00bb body_font_size_phone=\u00bb14px\u00bb body_font_size_last_edited=\u00bbon|desktop\u00bb border_radii=\u00bbon|6px|6px|6px|6px\u00bb border_color_all=\u00bbrgba(0,0,0,0.12)\u00bb locked=\u00bboff\u00bb global_colors_info=\u00bb{%22gcid-a93f2103-1d8b-43bb-b21d-81d84bba8b15%22:%91%22background_color_1%22,%22background_color%22,%22image_icon_background_color%22,%22image_icon_background_color%22,%22background_color_1%22,%22background_color%22,%22image_icon_background_color%22,%22image_icon_background_color%22,%22background_color_1%22,%22background_color%22,%22image_icon_background_color%22,%22image_icon_background_color%22,%22background_color_1%22,%22background_color%22,%22image_icon_background_color%22,%22image_icon_background_color%22,%22background_color_1%22,%22background_color%22,%22image_icon_background_color%22,%22image_icon_background_color%22,%22background_color_1%22,%22background_color%22,%22image_icon_background_color%22,%22image_icon_background_color%22,%22background_color_1%22,%22background_color%22,%22image_icon_background_color%22,%22image_icon_background_color%22%93,%22gcid-779a3d53-700b-4950-9fae-611323b51b16%22:%91%22body_link_text_color%22,%22body_link_text_color%22,%22body_link_text_color%22,%22body_link_text_color%22,%22body_link_text_color%22,%22body_link_text_color%22,%22body_link_text_color%22,%22body_link_text_color%22,%22body_link_text_color%22,%22body_link_text_color%22,%22body_link_text_color%22,%22body_link_text_color%22,%22body_link_text_color%22,%22body_link_text_color%22%93}\u00bb]<\/p>\n<p><strong>Sala 2. O ciclo festivo do ano:<\/strong> pezas vinculadas a celebraci\u00f3ns tradicionais, tanto relixiosas como vinculadas ao traballo e ao ciclo produtivo.\u00a0<\/p>\n<p>[\/et_pb_blurb][et_pb_blurb image_icon_background_color=\u00bbRGBA(255,255,255,0)\u00bb image=\u00bbhttps:\/\/fundacionlegar.org\/wp-content\/uploads\/2025\/10\/bullet.svg\u00bb icon_placement=\u00bbleft\u00bb image_icon_width=\u00bb80%\u00bb content_max_width=\u00bb100%\u00bb _builder_version=\u00bb4.27.4&#8243; _module_preset=\u00bb_initial\u00bb header_font=\u00bb|700|||||||\u00bb header_font_size=\u00bb15px\u00bb header_line_height=\u00bb1.4em\u00bb body_font=\u00bb||||||||\u00bb body_font_size=\u00bb16px\u00bb body_line_height=\u00bb1.8em\u00bb body_link_font=\u00bb||||on||||\u00bb body_link_text_color=\u00bbgcid-779a3d53-700b-4950-9fae-611323b51b16&#8243; image_icon_custom_padding=\u00bb||||true|true\u00bb custom_margin=\u00bb||||false|false\u00bb custom_padding=\u00bb1rem||1rem||true|true\u00bb animation=\u00bboff\u00bb header_font_size_tablet=\u00bb16px\u00bb header_font_size_phone=\u00bb14px\u00bb header_font_size_last_edited=\u00bbon|desktop\u00bb body_font_size_tablet=\u00bb15px\u00bb body_font_size_phone=\u00bb14px\u00bb body_font_size_last_edited=\u00bbon|desktop\u00bb border_radii=\u00bbon|6px|6px|6px|6px\u00bb border_color_all=\u00bbrgba(0,0,0,0.12)\u00bb locked=\u00bboff\u00bb global_colors_info=\u00bb{%22gcid-a93f2103-1d8b-43bb-b21d-81d84bba8b15%22:%91%22background_color_1%22,%22background_color%22,%22image_icon_background_color%22,%22image_icon_background_color%22,%22background_color_1%22,%22background_color%22,%22image_icon_background_color%22,%22image_icon_background_color%22,%22background_color_1%22,%22background_color%22,%22image_icon_background_color%22,%22image_icon_background_color%22,%22background_color_1%22,%22background_color%22,%22image_icon_background_color%22,%22image_icon_background_color%22,%22background_color_1%22,%22background_color%22,%22image_icon_background_color%22,%22image_icon_background_color%22,%22background_color_1%22,%22background_color%22,%22image_icon_background_color%22,%22image_icon_background_color%22,%22background_color_1%22,%22background_color%22,%22image_icon_background_color%22,%22image_icon_background_color%22,%22background_color_1%22,%22background_color%22,%22image_icon_background_color%22,%22image_icon_background_color%22,%22background_color_1%22,%22background_color%22,%22image_icon_background_color%22,%22image_icon_background_color%22,%22background_color_1%22,%22background_color%22,%22image_icon_background_color%22,%22image_icon_background_color%22,%22background_color_1%22,%22background_color%22,%22image_icon_background_color%22,%22image_icon_background_color%22%93,%22gcid-779a3d53-700b-4950-9fae-611323b51b16%22:%91%22body_link_text_color%22,%22body_link_text_color%22,%22body_link_text_color%22,%22body_link_text_color%22,%22body_link_text_color%22,%22body_link_text_color%22,%22body_link_text_color%22,%22body_link_text_color%22,%22body_link_text_color%22,%22body_link_text_color%22,%22body_link_text_color%22,%22body_link_text_color%22,%22body_link_text_color%22,%22body_link_text_color%22,%22body_link_text_color%22,%22body_link_text_color%22,%22body_link_text_color%22,%22body_link_text_color%22,%22body_link_text_color%22,%22body_link_text_color%22,%22body_link_text_color%22,%22body_link_text_color%22%93}\u00bb]<\/p>\n<p><strong>Sala 3. O movemento acompasado:<\/strong> instrumentos asociados coa danza, o ritmo do cami\u00f1ar e as canci\u00f3ns de traballo.\u00a0\u00a0<\/p>\n<p>[\/et_pb_blurb][\/et_pb_column][\/et_pb_row][\/et_pb_section][et_pb_section fb_built=\u00bb1&#8243; admin_label=\u00bbEventos\u00bb _builder_version=\u00bb4.27.4&#8243; _module_preset=\u00bbdefault\u00bb custom_margin=\u00bb0px|0px|0px|0px|true|true\u00bb custom_padding=\u00bb0px|0px|0px|0px|true|true\u00bb locked=\u00bboff\u00bb collapsed=\u00bboff\u00bb global_colors_info=\u00bb{}\u00bb][et_pb_row column_structure=\u00bb1_2,1_2&#8243; use_custom_gutter=\u00bbon\u00bb gutter_width=\u00bb1&#8243; disabled_on=\u00bboff|off|off\u00bb module_class=\u00bbrow-equal-columns\u00bb _builder_version=\u00bb4.27.4&#8243; _module_preset=\u00bbdefault\u00bb width=\u00bb100%\u00bb max_width=\u00bb100%\u00bb custom_margin=\u00bb0px|0px|0px|0px|true|true\u00bb custom_margin_tablet=\u00bb0px|0px|0px|0px|true|true\u00bb custom_margin_phone=\u00bb0px|0px|0px|0px|true|true\u00bb custom_margin_last_edited=\u00bbon|tablet\u00bb custom_padding=\u00bb0px|0px|0px|0px|true|true\u00bb global_colors_info=\u00bb{}\u00bb][et_pb_column type=\u00bb1_2&#8243; module_class=\u00bbcol-image\u00bb _builder_version=\u00bb4.27.4&#8243; _module_preset=\u00bbdefault\u00bb custom_padding=\u00bb|0px||0px|false|true\u00bb custom_padding_tablet=\u00bb|0rem||0rem|false|true\u00bb custom_padding_phone=\u00bb|0rem||0rem|false|true\u00bb custom_padding_last_edited=\u00bbon|phone\u00bb border_width_all=\u00bb1px\u00bb border_color_all=\u00bb#FFFFFF\u00bb global_colors_info=\u00bb{}\u00bb][et_pb_image src=\u00bbhttps:\/\/fundacionlegar.org\/wp-content\/uploads\/2025\/06\/IMG_7745-scaled.jpg\u00bb title_text=\u00bbIMG_7745&#8243; align=\u00bbcenter\u00bb force_fullwidth=\u00bbon\u00bb src_tablet=\u00bbhttps:\/\/fundacionlegar.org\/wp-content\/uploads\/2025\/06\/IMG_1916-Mejorado-NR-scaled.jpg\u00bb src_phone=\u00bbhttps:\/\/fundacionlegar.org\/wp-content\/uploads\/2025\/06\/IMG_1916-Mejorado-NR-scaled.jpg\u00bb src_last_edited=\u00bboff|desktop\u00bb module_class=\u00bbimage-fill\u00bb _builder_version=\u00bb4.27.4&#8243; _module_preset=\u00bbdefault\u00bb custom_margin=\u00bb0px|0px|0px|0px|true|true\u00bb custom_padding=\u00bb0px|0px|0px|0px|true|true\u00bb box_shadow_style=\u00bbpreset1&#8243; box_shadow_vertical=\u00bb24px\u00bb box_shadow_blur=\u00bb72px\u00bb box_shadow_spread=\u00bb-12px\u00bb box_shadow_color=\u00bbrgba(0,0,0,0.12)\u00bb global_colors_info=\u00bb{%22gcid-7cadd8b3-5228-48e4-90c4-212d09232f7b%22:%91%22color%22%93}\u00bb background__hover_enabled=\u00bbon|desktop\u00bb][\/et_pb_image][\/et_pb_column][et_pb_column type=\u00bb1_2&#8243; module_class=\u00bbalign-center\u00bb _builder_version=\u00bb4.27.4&#8243; _module_preset=\u00bbdefault\u00bb custom_padding=\u00bb|3rem|6rem|3rem|false|false\u00bb custom_padding_tablet=\u00bb|3rem|2rem|3rem|false|false\u00bb custom_padding_phone=\u00bb|2rem||2rem|false|false\u00bb custom_padding_last_edited=\u00bbon|desktop\u00bb global_colors_info=\u00bb{}\u00bb][et_pb_text module_id=\u00bbtxt-sup\u00bb _builder_version=\u00bb4.27.4&#8243; _module_preset=\u00bbdefault\u00bb header_2_text_color=\u00bb#D14000&#8243; custom_margin=\u00bb6rem||||false|false\u00bb custom_margin_tablet=\u00bb2rem||||false|false\u00bb custom_margin_phone=\u00bb||||false|false\u00bb custom_margin_last_edited=\u00bbon|phone\u00bb locked=\u00bboff\u00bb global_colors_info=\u00bb{}\u00bb]<\/p>\n<h2><span style=\"color: #32491b;\">Experiencia da visita<\/span><\/h2>\n<p>[\/et_pb_text][et_pb_text _builder_version=\u00bb4.27.4&#8243; _module_preset=\u00bbdefault\u00bb text_text_color=\u00bb#A38383&#8243; header_2_text_color=\u00bb#FFFFFF\u00bb max_width_tablet=\u00bb\u00bb max_width_phone=\u00bb\u00bb max_width_last_edited=\u00bbon|desktop\u00bb custom_margin=\u00bb1rem||1rem||false|false\u00bb global_colors_info=\u00bb{}\u00bb]<\/p>\n<div class=\"nev7se\" data-cp=\"1\" data-nnttsvi=\"1\" data-ntl-fpwrite=\"true\" data-sletp=\"false\" data-sm=\"1\" data-ssbp=\"false\" data-sugg-time=\"500\" data-sugg-url=\"https:\/\/clients1.google.com\/complete\/search\" data-uilc=\"gl\" data-vil=\",af,af-ZA,am,am-ET,ar-EG,ar-AE,ar-KW,ar-QA,ar,ar-IL,ar-JO,ar-LB,ar-PS,az,az-AZ,bg,bg-BG,bn,bn-BD,bn-IN,ca,ca-es,cs,cs-CZ,de,de-DE,de-CH,de-AT,de-LI,en,en-US,en-CA,en-AU,en-NZ,en-GB,en-IN,en-KE,en-TZ,en-NG,en-GH,en-PH,en-ZA,es,es-ES,es-AR,es-UY,es-419,es-BO,es-CL,es-CR,es-CO,es-DO,es-EC,es-GT,es-HN,es-NI,es-PA,es-PE,es-PR,es-PY,es-SV,es-VE,es-MX,es-US,eu,eu-ES,fi,fi-FI,fr,fr-FR,fr-CH,fr-BE,gl,gl-ES,gu,gu-IN,he,he-IL,iw,iw-IL,hu,hu-HU,hy,hy-AM,id,id-ID,is,is-IS,it,it-IT,it-CH,ja,ja-JP,jv,jv-ID,ka,ka-GE,km,km-KH,kn,kn-IN,ko,ko-KR,la,lo,lo-LA,lv,lv-LV,ml,ml-IN,mr,mr-IN,ms,ms-MY,nl,nl-NL,nb,nb-NO,ne,ne-NP,pl,pl-PL,pt,pt-BR,pt-PT,ro,ro-RO,ru,ru-RU,si-LK,sk,sk-SK,sr,sr-RS,su,su-ID,sv,sv-SE,sw,sw-TZ,sw-KE,ta,ta-IN,ta-SG,ta-LK,ta-MY,te,te-IN,tr,tr-TR,ur,ur-PK,ur-IN,yue,yue-HK,yue-Hant-HK,zh-HK,zh,zh-CN,zh-cmn,zh-cmn-CN,zh-Hans,zh-Hans-CN,zh-cmn-Hans,zh-cmn-Hans-CN,cmn-CN,cmn-Hans,cmn-Hans-CN,zh-TW,zh-Hant-TW,cmn-TW,cmn-Hant-TW,zh-cmn-TW,zh-cmn-Hant-TW,zu,zu-ZA,hi,hi-IN,tl,tl-PH,pa,pa-IN\" id=\"tw-container\">\n<p><g-expandable-container jscontroller=\"QE1bwd\" data-npd=\"1\" data-slct=\"mnr-c\" jsshadow=\"\" jsaction=\"C7xow:Z6bwpe;xNpQtd:Nh5q2c;U6VCqe:GsRPff;Ep2Mgc:AgioGc;BDs6B:fW2qAb;ep03Ne:AvkpRc;gvA4Rc:yELBLe\"><\/g-expandable-container>O Centro non  \u00e9 un espazo convencional: aqu\u00ed os instrumentos <strong>non est\u00e1n tras vitrinas.<\/strong> A filosof\u00eda \u00e9 aberta e participativa, para que cada visita sexa unha experiencia v\u00edvida e inesquecible:<span style=\"font-size: 1rem;\">\u00a0<\/span><\/p>\n<\/div>\n<p>[\/et_pb_text][et_pb_blurb image_icon_background_color=\u00bbRGBA(255,255,255,0)\u00bb image=\u00bbhttps:\/\/fundacionlegar.org\/wp-content\/uploads\/2025\/10\/bullet.svg\u00bb icon_placement=\u00bbleft\u00bb image_icon_width=\u00bb80%\u00bb content_max_width=\u00bb100%\u00bb _builder_version=\u00bb4.27.4&#8243; _module_preset=\u00bb_initial\u00bb header_font=\u00bb|700|||||||\u00bb header_font_size=\u00bb15px\u00bb header_line_height=\u00bb1.4em\u00bb body_font=\u00bb||||||||\u00bb body_font_size=\u00bb16px\u00bb body_line_height=\u00bb1.8em\u00bb body_link_font=\u00bb||||on||||\u00bb body_link_text_color=\u00bbgcid-779a3d53-700b-4950-9fae-611323b51b16&#8243; image_icon_custom_padding=\u00bb||||true|true\u00bb custom_margin=\u00bb||||false|false\u00bb custom_padding=\u00bb1rem||1rem||true|true\u00bb animation=\u00bboff\u00bb header_font_size_tablet=\u00bb16px\u00bb header_font_size_phone=\u00bb14px\u00bb header_font_size_last_edited=\u00bbon|desktop\u00bb body_font_size_tablet=\u00bb15px\u00bb body_font_size_phone=\u00bb14px\u00bb body_font_size_last_edited=\u00bbon|desktop\u00bb border_radii=\u00bbon|6px|6px|6px|6px\u00bb border_color_all=\u00bbrgba(0,0,0,0.12)\u00bb locked=\u00bboff\u00bb global_colors_info=\u00bb{%22gcid-a93f2103-1d8b-43bb-b21d-81d84bba8b15%22:%91%22background_color_1%22,%22background_color%22,%22image_icon_background_color%22,%22image_icon_background_color%22,%22background_color_1%22,%22background_color%22,%22image_icon_background_color%22,%22image_icon_background_color%22,%22background_color_1%22,%22background_color%22,%22image_icon_background_color%22,%22image_icon_background_color%22,%22background_color_1%22,%22background_color%22,%22image_icon_background_color%22,%22image_icon_background_color%22,%22background_color_1%22,%22background_color%22,%22image_icon_background_color%22,%22image_icon_background_color%22,%22background_color_1%22,%22background_color%22,%22image_icon_background_color%22,%22image_icon_background_color%22,%22background_color_1%22,%22background_color%22,%22image_icon_background_color%22,%22image_icon_background_color%22,%22background_color_1%22,%22background_color%22,%22image_icon_background_color%22,%22image_icon_background_color%22,%22background_color_1%22,%22background_color%22,%22image_icon_background_color%22,%22image_icon_background_color%22%93,%22gcid-779a3d53-700b-4950-9fae-611323b51b16%22:%91%22body_link_text_color%22,%22body_link_text_color%22,%22body_link_text_color%22,%22body_link_text_color%22,%22body_link_text_color%22,%22body_link_text_color%22,%22body_link_text_color%22,%22body_link_text_color%22,%22body_link_text_color%22,%22body_link_text_color%22,%22body_link_text_color%22,%22body_link_text_color%22,%22body_link_text_color%22,%22body_link_text_color%22,%22body_link_text_color%22,%22body_link_text_color%22,%22body_link_text_color%22,%22body_link_text_color%22%93}\u00bb]<\/p>\n<p><strong>Contacto directo:<\/strong> posibilidade de tocar e sentir algunhas pezas baixo supervisi\u00f3n.<\/p>\n<p>[\/et_pb_blurb][et_pb_blurb image_icon_background_color=\u00bbRGBA(255,255,255,0)\u00bb image=\u00bbhttps:\/\/fundacionlegar.org\/wp-content\/uploads\/2025\/10\/bullet.svg\u00bb icon_placement=\u00bbleft\u00bb image_icon_width=\u00bb80%\u00bb content_max_width=\u00bb100%\u00bb _builder_version=\u00bb4.27.4&#8243; _module_preset=\u00bb_initial\u00bb header_font=\u00bb|700|||||||\u00bb header_font_size=\u00bb15px\u00bb header_line_height=\u00bb1.4em\u00bb body_font=\u00bb||||||||\u00bb body_font_size=\u00bb16px\u00bb body_line_height=\u00bb1.8em\u00bb body_link_font=\u00bb||||on||||\u00bb body_link_text_color=\u00bbgcid-779a3d53-700b-4950-9fae-611323b51b16&#8243; image_icon_custom_padding=\u00bb||||true|true\u00bb custom_margin=\u00bb||||false|false\u00bb custom_padding=\u00bb1rem||1rem||true|true\u00bb animation=\u00bboff\u00bb header_font_size_tablet=\u00bb16px\u00bb header_font_size_phone=\u00bb14px\u00bb header_font_size_last_edited=\u00bbon|desktop\u00bb body_font_size_tablet=\u00bb15px\u00bb body_font_size_phone=\u00bb14px\u00bb body_font_size_last_edited=\u00bbon|desktop\u00bb border_radii=\u00bbon|6px|6px|6px|6px\u00bb border_color_all=\u00bbrgba(0,0,0,0.12)\u00bb locked=\u00bboff\u00bb global_colors_info=\u00bb{%22gcid-a93f2103-1d8b-43bb-b21d-81d84bba8b15%22:%91%22background_color_1%22,%22background_color%22,%22image_icon_background_color%22,%22image_icon_background_color%22,%22background_color_1%22,%22background_color%22,%22image_icon_background_color%22,%22image_icon_background_color%22,%22background_color_1%22,%22background_color%22,%22image_icon_background_color%22,%22image_icon_background_color%22,%22background_color_1%22,%22background_color%22,%22image_icon_background_color%22,%22image_icon_background_color%22,%22background_color_1%22,%22background_color%22,%22image_icon_background_color%22,%22image_icon_background_color%22,%22background_color_1%22,%22background_color%22,%22image_icon_background_color%22,%22image_icon_background_color%22,%22background_color_1%22,%22background_color%22,%22image_icon_background_color%22,%22image_icon_background_color%22,%22background_color_1%22,%22background_color%22,%22image_icon_background_color%22,%22image_icon_background_color%22,%22background_color_1%22,%22background_color%22,%22image_icon_background_color%22,%22image_icon_background_color%22,%22background_color_1%22,%22background_color%22,%22image_icon_background_color%22,%22image_icon_background_color%22,%22background_color_1%22,%22background_color%22,%22image_icon_background_color%22,%22image_icon_background_color%22%93,%22gcid-779a3d53-700b-4950-9fae-611323b51b16%22:%91%22body_link_text_color%22,%22body_link_text_color%22,%22body_link_text_color%22,%22body_link_text_color%22,%22body_link_text_color%22,%22body_link_text_color%22,%22body_link_text_color%22,%22body_link_text_color%22,%22body_link_text_color%22,%22body_link_text_color%22,%22body_link_text_color%22,%22body_link_text_color%22,%22body_link_text_color%22,%22body_link_text_color%22,%22body_link_text_color%22,%22body_link_text_color%22,%22body_link_text_color%22,%22body_link_text_color%22,%22body_link_text_color%22,%22body_link_text_color%22,%22body_link_text_color%22,%22body_link_text_color%22%93}\u00bb]<\/p>\n<p><strong>Visitas guiadas:<\/strong> dirixido por Xavier Blanco, que interpreta cantigas de ra\u00edz cos instrumentos expostos.<\/p>\n<p>[\/et_pb_blurb][et_pb_blurb image_icon_background_color=\u00bbRGBA(255,255,255,0)\u00bb image=\u00bbhttps:\/\/fundacionlegar.org\/wp-content\/uploads\/2025\/10\/bullet.svg\u00bb icon_placement=\u00bbleft\u00bb image_icon_width=\u00bb80%\u00bb content_max_width=\u00bb100%\u00bb _builder_version=\u00bb4.27.4&#8243; _module_preset=\u00bb_initial\u00bb header_font=\u00bb|700|||||||\u00bb header_font_size=\u00bb15px\u00bb header_line_height=\u00bb1.4em\u00bb body_font=\u00bb||||||||\u00bb body_font_size=\u00bb16px\u00bb body_line_height=\u00bb1.8em\u00bb body_link_font=\u00bb||||on||||\u00bb body_link_text_color=\u00bbgcid-779a3d53-700b-4950-9fae-611323b51b16&#8243; image_icon_custom_padding=\u00bb||||true|true\u00bb custom_margin=\u00bb||||false|false\u00bb custom_padding=\u00bb1rem||1rem||true|true\u00bb animation=\u00bboff\u00bb header_font_size_tablet=\u00bb16px\u00bb header_font_size_phone=\u00bb14px\u00bb header_font_size_last_edited=\u00bbon|desktop\u00bb body_font_size_tablet=\u00bb15px\u00bb body_font_size_phone=\u00bb14px\u00bb body_font_size_last_edited=\u00bbon|desktop\u00bb border_radii=\u00bbon|6px|6px|6px|6px\u00bb border_color_all=\u00bbrgba(0,0,0,0.12)\u00bb locked=\u00bboff\u00bb global_colors_info=\u00bb{%22gcid-a93f2103-1d8b-43bb-b21d-81d84bba8b15%22:%91%22background_color_1%22,%22background_color%22,%22image_icon_background_color%22,%22image_icon_background_color%22,%22background_color_1%22,%22background_color%22,%22image_icon_background_color%22,%22image_icon_background_color%22,%22background_color_1%22,%22background_color%22,%22image_icon_background_color%22,%22image_icon_background_color%22,%22background_color_1%22,%22background_color%22,%22image_icon_background_color%22,%22image_icon_background_color%22,%22background_color_1%22,%22background_color%22,%22image_icon_background_color%22,%22image_icon_background_color%22,%22background_color_1%22,%22background_color%22,%22image_icon_background_color%22,%22image_icon_background_color%22,%22background_color_1%22,%22background_color%22,%22image_icon_background_color%22,%22image_icon_background_color%22,%22background_color_1%22,%22background_color%22,%22image_icon_background_color%22,%22image_icon_background_color%22,%22background_color_1%22,%22background_color%22,%22image_icon_background_color%22,%22image_icon_background_color%22,%22background_color_1%22,%22background_color%22,%22image_icon_background_color%22,%22image_icon_background_color%22,%22background_color_1%22,%22background_color%22,%22image_icon_background_color%22,%22image_icon_background_color%22%93,%22gcid-779a3d53-700b-4950-9fae-611323b51b16%22:%91%22body_link_text_color%22,%22body_link_text_color%22,%22body_link_text_color%22,%22body_link_text_color%22,%22body_link_text_color%22,%22body_link_text_color%22,%22body_link_text_color%22,%22body_link_text_color%22,%22body_link_text_color%22,%22body_link_text_color%22,%22body_link_text_color%22,%22body_link_text_color%22,%22body_link_text_color%22,%22body_link_text_color%22,%22body_link_text_color%22,%22body_link_text_color%22,%22body_link_text_color%22,%22body_link_text_color%22,%22body_link_text_color%22,%22body_link_text_color%22,%22body_link_text_color%22,%22body_link_text_color%22%93}\u00bb]<\/p>\n<p><strong>Participaci\u00f3n activa:<\/strong> persoas visitantes son invitadas a experimentar co ritmo e co son.\u00a0<\/p>\n<p>[\/et_pb_blurb][et_pb_blurb image_icon_background_color=\u00bbRGBA(255,255,255,0)\u00bb image=\u00bbhttps:\/\/fundacionlegar.org\/wp-content\/uploads\/2025\/10\/bullet.svg\u00bb icon_placement=\u00bbleft\u00bb image_icon_width=\u00bb80%\u00bb content_max_width=\u00bb100%\u00bb _builder_version=\u00bb4.27.4&#8243; _module_preset=\u00bb_initial\u00bb header_font=\u00bb|700|||||||\u00bb header_font_size=\u00bb15px\u00bb header_line_height=\u00bb1.4em\u00bb body_font=\u00bb||||||||\u00bb body_font_size=\u00bb16px\u00bb body_line_height=\u00bb1.8em\u00bb body_link_font=\u00bb||||on||||\u00bb body_link_text_color=\u00bbgcid-779a3d53-700b-4950-9fae-611323b51b16&#8243; image_icon_custom_padding=\u00bb||||true|true\u00bb custom_margin=\u00bb||||false|false\u00bb custom_padding=\u00bb1rem||1rem||true|true\u00bb animation=\u00bboff\u00bb header_font_size_tablet=\u00bb16px\u00bb header_font_size_phone=\u00bb14px\u00bb header_font_size_last_edited=\u00bbon|desktop\u00bb body_font_size_tablet=\u00bb15px\u00bb body_font_size_phone=\u00bb14px\u00bb body_font_size_last_edited=\u00bbon|desktop\u00bb border_radii=\u00bbon|6px|6px|6px|6px\u00bb border_color_all=\u00bbrgba(0,0,0,0.12)\u00bb locked=\u00bboff\u00bb global_colors_info=\u00bb{%22gcid-a93f2103-1d8b-43bb-b21d-81d84bba8b15%22:%91%22background_color_1%22,%22background_color%22,%22image_icon_background_color%22,%22image_icon_background_color%22,%22background_color_1%22,%22background_color%22,%22image_icon_background_color%22,%22image_icon_background_color%22,%22background_color_1%22,%22background_color%22,%22image_icon_background_color%22,%22image_icon_background_color%22,%22background_color_1%22,%22background_color%22,%22image_icon_background_color%22,%22image_icon_background_color%22,%22background_color_1%22,%22background_color%22,%22image_icon_background_color%22,%22image_icon_background_color%22,%22background_color_1%22,%22background_color%22,%22image_icon_background_color%22,%22image_icon_background_color%22,%22background_color_1%22,%22background_color%22,%22image_icon_background_color%22,%22image_icon_background_color%22,%22background_color_1%22,%22background_color%22,%22image_icon_background_color%22,%22image_icon_background_color%22,%22background_color_1%22,%22background_color%22,%22image_icon_background_color%22,%22image_icon_background_color%22,%22background_color_1%22,%22background_color%22,%22image_icon_background_color%22,%22image_icon_background_color%22,%22background_color_1%22,%22background_color%22,%22image_icon_background_color%22,%22image_icon_background_color%22%93,%22gcid-779a3d53-700b-4950-9fae-611323b51b16%22:%91%22body_link_text_color%22,%22body_link_text_color%22,%22body_link_text_color%22,%22body_link_text_color%22,%22body_link_text_color%22,%22body_link_text_color%22,%22body_link_text_color%22,%22body_link_text_color%22,%22body_link_text_color%22,%22body_link_text_color%22,%22body_link_text_color%22,%22body_link_text_color%22,%22body_link_text_color%22,%22body_link_text_color%22,%22body_link_text_color%22,%22body_link_text_color%22,%22body_link_text_color%22,%22body_link_text_color%22,%22body_link_text_color%22,%22body_link_text_color%22,%22body_link_text_color%22,%22body_link_text_color%22%93}\u00bb]<\/p>\n<p><strong>Flexibilidade horaria:<\/strong> ademais do horario de apertura habitual, p\u00f3dense concertar visitas noutros horarios, sempre con solicitude previa e suxeitas a dispo\u00f1ibilidade.<\/p>\n<p>[\/et_pb_blurb][\/et_pb_column][\/et_pb_row][\/et_pb_section][et_pb_section fb_built=\u00bb1&#8243; custom_padding_last_edited=\u00bbon|phone\u00bb admin_label=\u00bbEventos\u00bb _builder_version=\u00bb4.27.4&#8243; _module_preset=\u00bbdefault\u00bb custom_margin=\u00bb0px|0px|0px|0px|true|true\u00bb custom_padding=\u00bb6rem|0px|2rem|0px|false|true\u00bb custom_padding_tablet=\u00bb2rem||||false|true\u00bb custom_padding_phone=\u00bb2rem||||false|true\u00bb locked=\u00bboff\u00bb collapsed=\u00bboff\u00bb global_colors_info=\u00bb{}\u00bb][et_pb_row column_structure=\u00bb1_2,1_2&#8243; custom_padding_last_edited=\u00bbon|phone\u00bb disabled_on=\u00bboff|off|off\u00bb module_class=\u00bbrow-equal-columns row-reverse\u00bb _builder_version=\u00bb4.27.4&#8243; _module_preset=\u00bbdefault\u00bb width=\u00bb90%\u00bb max_width=\u00bb80%\u00bb max_width_tablet=\u00bb80%\u00bb max_width_phone=\u00bb100%\u00bb max_width_last_edited=\u00bbon|phone\u00bb module_alignment=\u00bbcenter\u00bb custom_margin=\u00bb0px|0px|0px|0px|false|false\u00bb custom_padding=\u00bb0px||0px||false|false\u00bb custom_padding_tablet=\u00bb||1rem||false|false\u00bb custom_padding_phone=\u00bb||1rem||false|false\u00bb global_colors_info=\u00bb{}\u00bb][et_pb_column type=\u00bb1_2&#8243; module_class=\u00bbalign-center\u00bb _builder_version=\u00bb4.27.4&#8243; _module_preset=\u00bbdefault\u00bb custom_padding=\u00bb||||false|false\u00bb custom_padding_tablet=\u00bb|0rem|||false|false\u00bb custom_padding_phone=\u00bb|5%||5%|false|false\u00bb custom_padding_last_edited=\u00bbon|phone\u00bb global_colors_info=\u00bb{}\u00bb][et_pb_text module_id=\u00bbtxt-sup\u00bb _builder_version=\u00bb4.27.4&#8243; _module_preset=\u00bbdefault\u00bb header_2_text_color=\u00bb#D14000&#8243; custom_margin=\u00bb0px||1rem||false|false\u00bb custom_margin_tablet=\u00bb2rem||||false|false\u00bb custom_margin_phone=\u00bb0rem|0px||0px|false|false\u00bb custom_margin_last_edited=\u00bbon|tablet\u00bb custom_padding=\u00bb0px|0px|0px|0px|false|false\u00bb locked=\u00bboff\u00bb global_colors_info=\u00bb{}\u00bb]<\/p>\n<h2><span style=\"color: #32491b;\">O noso p\u00fablico<\/span><\/h2>\n<p><span style=\"color: #32491b;\">Este espazo est\u00e1 dese\u00f1ado para todos, sen restrici\u00f3ns de idade nin de perfil.<\/span><\/p>\n<p>[\/et_pb_text][\/et_pb_column][et_pb_column type=\u00bb1_2&#8243; _builder_version=\u00bb4.27.4&#8243; _module_preset=\u00bbdefault\u00bb positioning=\u00bbabsolute\u00bb position_origin_a=\u00bbcenter_right\u00bb custom_padding=\u00bb|0px||0px|false|true\u00bb global_colors_info=\u00bb{}\u00bb][et_pb_image src=\u00bbhttps:\/\/fundacionlegar.org\/wp-content\/uploads\/2025\/06\/bg-transparent-1.png\u00bb title_text=\u00bbbg-transparent\u00bb _builder_version=\u00bb4.27.4&#8243; _module_preset=\u00bbdefault\u00bb positioning=\u00bbabsolute\u00bb position_origin_a=\u00bbbottom_right\u00bb vertical_offset=\u00bb-20%\u00bb horizontal_offset=\u00bb8%\u00bb vertical_offset_tablet=\u00bb-20%\u00bb vertical_offset_phone=\u00bb834%\u00bb vertical_offset_last_edited=\u00bbon|phone\u00bb horizontal_offset_tablet=\u00bb8%\u00bb horizontal_offset_phone=\u00bb59%\u00bb horizontal_offset_last_edited=\u00bbon|phone\u00bb position_origin_a_tablet=\u00bbbottom_right\u00bb position_origin_a_phone=\u00bbbottom_left\u00bb position_origin_a_last_edited=\u00bbon|phone\u00bb position_origin_f_tablet=\u00bb\u00bb position_origin_f_phone=\u00bb\u00bb position_origin_f_last_edited=\u00bbon|phone\u00bb position_origin_r_tablet=\u00bb\u00bb position_origin_r_phone=\u00bb\u00bb position_origin_r_last_edited=\u00bbon|phone\u00bb width=\u00bb30%\u00bb custom_margin=\u00bb0px||0px||false|false\u00bb custom_padding=\u00bb0px||0px||true|false\u00bb scroll_rotating_enable=\u00bbon\u00bb scroll_rotating=\u00bb0|50|50|100|30\u00b0|0|-30\u00b0\u00bb positioning_tablet=\u00bbabsolute\u00bb positioning_phone=\u00bbabsolute\u00bb positioning_last_edited=\u00bbon|phone\u00bb global_colors_info=\u00bb{}\u00bb][\/et_pb_image][\/et_pb_column][\/et_pb_row][et_pb_row column_structure=\u00bb1_4,1_4,1_4,1_4&#8243; use_custom_gutter=\u00bbon\u00bb gutter_width=\u00bb2&#8243; _builder_version=\u00bb4.27.4&#8243; _module_preset=\u00bbdefault\u00bb width=\u00bb100%\u00bb max_width=\u00bb80%\u00bb custom_margin=\u00bb0px||0px||true|false\u00bb custom_padding=\u00bb1rem||1rem||false|false\u00bb global_colors_info=\u00bb{}\u00bb][et_pb_column type=\u00bb1_4&#8243; module_class=\u00bbcard-margin\u00bb _builder_version=\u00bb4.27.4&#8243; _module_preset=\u00bbdefault\u00bb background_color=\u00bb#ded2c0&#8243; custom_padding=\u00bb1rem|1rem|1rem|1rem|true|true\u00bb custom_padding_tablet=\u00bb1rem|1rem|1rem|1rem|true|true\u00bb custom_padding_phone=\u00bb1rem|1rem|1rem|1rem|true|true\u00bb custom_padding_last_edited=\u00bbon|phone\u00bb scroll_scaling_enable=\u00bbon\u00bb custom_css_free_form=\u00bb.card-margin{||  margin-bottom:5.5%!important;||}\u00bb box_shadow_style=\u00bbpreset1&#8243; box_shadow_vertical=\u00bb24px\u00bb box_shadow_blur=\u00bb72px\u00bb box_shadow_spread=\u00bb-12px\u00bb box_shadow_color=\u00bbrgba(0,0,0,0.12)\u00bb global_colors_info=\u00bb{%22gcid-7cadd8b3-5228-48e4-90c4-212d09232f7b%22:%91%22color%22%93}\u00bb background__hover_enabled=\u00bbon|desktop\u00bb][et_pb_blurb title=\u00bbPublico general\u00bb image=\u00bbhttps:\/\/fundacionlegar.org\/wp-content\/uploads\/2025\/10\/bullet.svg\u00bb image_icon_width=\u00bb20%\u00bb icon_alignment=\u00bbleft\u00bb content_max_width=\u00bb100%\u00bb _builder_version=\u00bb4.27.4&#8243; _module_preset=\u00bb_initial\u00bb header_level=\u00bbh6&#8243; header_font=\u00bb|800|||||||\u00bb header_text_color=\u00bb#32491b\u00bb header_font_size=\u00bb24px\u00bb header_line_height=\u00bb1.4em\u00bb body_font_size=\u00bb16px\u00bb body_line_height=\u00bb1.8em\u00bb min_height=\u00bb250px\u00bb animation=\u00bboff\u00bb header_font_size_tablet=\u00bb16px\u00bb header_font_size_phone=\u00bb15px\u00bb header_font_size_last_edited=\u00bbon|desktop\u00bb body_font_size_tablet=\u00bb15px\u00bb body_font_size_phone=\u00bb14px\u00bb body_font_size_last_edited=\u00bbon|desktop\u00bb border_radii_image=\u00bbon|6px|6px|6px|6px\u00bb locked=\u00bboff\u00bb global_colors_info=\u00bb{}\u00bb]<\/p>\n<p>Familias, persoas adultas e viaxeiras curiosas pola m\u00fasica e a cultura galega.<\/p>\n<p>[\/et_pb_blurb][\/et_pb_column][et_pb_column type=\u00bb1_4&#8243; module_class=\u00bbcard-margin\u00bb _builder_version=\u00bb4.27.4&#8243; _module_preset=\u00bbdefault\u00bb background_color=\u00bb#ded2c0&#8243; custom_padding=\u00bb1rem|1rem|1rem|1rem|true|true\u00bb scroll_scaling_enable=\u00bbon\u00bb box_shadow_style=\u00bbpreset1&#8243; box_shadow_vertical=\u00bb24px\u00bb box_shadow_blur=\u00bb72px\u00bb box_shadow_spread=\u00bb-12px\u00bb box_shadow_color=\u00bbrgba(0,0,0,0.12)\u00bb global_colors_info=\u00bb{%22gcid-7cadd8b3-5228-48e4-90c4-212d09232f7b%22:%91%22color%22,%22color%22%93}\u00bb background__hover_enabled=\u00bbon|desktop\u00bb][et_pb_blurb title=\u00bbComunidad educativa\u00bb image=\u00bbhttps:\/\/fundacionlegar.org\/wp-content\/uploads\/2025\/10\/bullet.svg\u00bb image_icon_width=\u00bb20%\u00bb icon_alignment=\u00bbleft\u00bb content_max_width=\u00bb100%\u00bb _builder_version=\u00bb4.27.4&#8243; _module_preset=\u00bb_initial\u00bb header_level=\u00bbh6&#8243; header_font=\u00bb|800|||||||\u00bb header_text_color=\u00bb#32491b\u00bb header_font_size=\u00bb24px\u00bb header_line_height=\u00bb1.4em\u00bb body_font_size=\u00bb16px\u00bb body_line_height=\u00bb1.8em\u00bb min_height=\u00bb250px\u00bb animation=\u00bboff\u00bb header_font_size_tablet=\u00bb16px\u00bb header_font_size_phone=\u00bb15px\u00bb header_font_size_last_edited=\u00bbon|desktop\u00bb body_font_size_tablet=\u00bb15px\u00bb body_font_size_phone=\u00bb14px\u00bb body_font_size_last_edited=\u00bbon|desktop\u00bb border_radii_image=\u00bbon|6px|6px|6px|6px\u00bb locked=\u00bboff\u00bb global_colors_info=\u00bb{}\u00bb]<\/p>\n<p>Visitas adaptadas a escolas, institutos e universidades.<\/p>\n<p>[\/et_pb_blurb][\/et_pb_column][et_pb_column type=\u00bb1_4&#8243; module_class=\u00bbcard-margin\u00bb _builder_version=\u00bb4.27.4&#8243; _module_preset=\u00bbdefault\u00bb background_color=\u00bb#ded2c0&#8243; custom_padding=\u00bb1rem|1rem|1rem|1rem|true|true\u00bb scroll_scaling_enable=\u00bbon\u00bb box_shadow_style=\u00bbpreset1&#8243; box_shadow_vertical=\u00bb24px\u00bb box_shadow_blur=\u00bb72px\u00bb box_shadow_spread=\u00bb-12px\u00bb box_shadow_color=\u00bbrgba(0,0,0,0.12)\u00bb global_colors_info=\u00bb{%22gcid-7cadd8b3-5228-48e4-90c4-212d09232f7b%22:%91%22color%22%93}\u00bb background__hover_enabled=\u00bbon|desktop\u00bb][et_pb_blurb title=\u00bbAsociaciones y grupos culturales\u00bb image=\u00bbhttps:\/\/fundacionlegar.org\/wp-content\/uploads\/2025\/10\/bullet.svg\u00bb image_icon_width=\u00bb20%\u00bb icon_alignment=\u00bbleft\u00bb content_max_width=\u00bb100%\u00bb _builder_version=\u00bb4.27.4&#8243; _module_preset=\u00bb_initial\u00bb header_level=\u00bbh6&#8243; header_font=\u00bb|800|||||||\u00bb header_text_color=\u00bb#32491b\u00bb header_font_size=\u00bb24px\u00bb header_line_height=\u00bb1.4em\u00bb body_font_size=\u00bb16px\u00bb body_line_height=\u00bb1.8em\u00bb min_height=\u00bb250px\u00bb animation=\u00bboff\u00bb header_font_size_tablet=\u00bb16px\u00bb header_font_size_phone=\u00bb15px\u00bb header_font_size_last_edited=\u00bbon|desktop\u00bb body_font_size_tablet=\u00bb15px\u00bb body_font_size_phone=\u00bb14px\u00bb body_font_size_last_edited=\u00bbon|desktop\u00bb border_radii_image=\u00bbon|6px|6px|6px|6px\u00bb locked=\u00bboff\u00bb global_colors_info=\u00bb{}\u00bb]<\/p>\n<p>Actividades centradas na recuperaci\u00f3n e transmisi\u00f3n de tradici\u00f3ns.<\/p>\n<p>[\/et_pb_blurb][\/et_pb_column][et_pb_column type=\u00bb1_4&#8243; module_class=\u00bbcard-margin\u00bb _builder_version=\u00bb4.27.4&#8243; _module_preset=\u00bbdefault\u00bb background_color=\u00bb#ded2c0&#8243; custom_padding=\u00bb1rem|1rem|1rem|1rem|true|true\u00bb scroll_scaling_enable=\u00bbon\u00bb box_shadow_style=\u00bbpreset1&#8243; box_shadow_vertical=\u00bb24px\u00bb box_shadow_blur=\u00bb72px\u00bb box_shadow_spread=\u00bb-12px\u00bb box_shadow_color=\u00bbrgba(0,0,0,0.12)\u00bb global_colors_info=\u00bb{%22gcid-7cadd8b3-5228-48e4-90c4-212d09232f7b%22:%91%22color%22%93}\u00bb][et_pb_blurb title=\u00bbPersonas con necesidades espec\u00edficas\u00bb image=\u00bbhttps:\/\/fundacionlegar.org\/wp-content\/uploads\/2025\/10\/bullet.svg\u00bb image_icon_width=\u00bb20%\u00bb icon_alignment=\u00bbleft\u00bb content_max_width=\u00bb100%\u00bb _builder_version=\u00bb4.27.4&#8243; _module_preset=\u00bb_initial\u00bb header_level=\u00bbh6&#8243; header_font=\u00bb|800|||||||\u00bb header_text_color=\u00bb#32491b\u00bb header_font_size=\u00bb24px\u00bb header_line_height=\u00bb1.4em\u00bb body_font_size=\u00bb16px\u00bb body_line_height=\u00bb1.8em\u00bb min_height=\u00bb250px\u00bb animation=\u00bboff\u00bb header_font_size_tablet=\u00bb16px\u00bb header_font_size_phone=\u00bb15px\u00bb header_font_size_last_edited=\u00bbon|desktop\u00bb body_font_size_tablet=\u00bb15px\u00bb body_font_size_phone=\u00bb14px\u00bb body_font_size_last_edited=\u00bbon|desktop\u00bb border_radii_image=\u00bbon|6px|6px|6px|6px\u00bb locked=\u00bboff\u00bb global_colors_info=\u00bb{}\u00bb]<\/p>\n<p>Un centro accesible e inclusivo, aberto a todos os membros da sociedade.<\/p>\n<p>[\/et_pb_blurb][\/et_pb_column][\/et_pb_row][\/et_pb_section][et_pb_section fb_built=\u00bb1&#8243; admin_label=\u00bbSecci\u00f3n\u00bb _builder_version=\u00bb4.27.4&#8243; _module_preset=\u00bbdefault\u00bb custom_margin=\u00bb0px|0px|0px|0px|false|false\u00bb custom_padding=\u00bb0px|0px|0px|0px|false|false\u00bb collapsed=\u00bboff\u00bb global_colors_info=\u00bb{}\u00bb][et_pb_row disabled_on=\u00bboff|off|off\u00bb _builder_version=\u00bb4.27.4&#8243; _module_preset=\u00bbdefault\u00bb width=\u00bb100%\u00bb max_width=\u00bb100%\u00bb overflow-y=\u00bbvisible\u00bb custom_padding=\u00bb0px||0px||false|false\u00bb border_width_all=\u00bb1px\u00bb border_color_all=\u00bb#FFFFFF\u00bb global_colors_info=\u00bb{}\u00bb][et_pb_column type=\u00bb4_4&#8243; _builder_version=\u00bb4.27.4&#8243; _module_preset=\u00bbdefault\u00bb global_colors_info=\u00bb{}\u00bb][et_pb_slider show_pagination=\u00bboff\u00bb show_content_on_mobile=\u00bboff\u00bb use_bg_overlay=\u00bbon\u00bb bg_overlay_color=\u00bbrgba(0,0,0,0.42)\u00bb use_text_overlay=\u00bbon\u00bb text_overlay_color=\u00bbrgba(255,255,255,0.67)\u00bb admin_label=\u00bbDeslizador\u00bb _builder_version=\u00bb4.27.4&#8243; _module_preset=\u00bbdefault\u00bb button_rel=\u00bbon|on|on|on|on\u00bb hover_transition_speed_curve=\u00bbease-in\u00bb global_colors_info=\u00bb{}\u00bb][et_pb_slide button_text=\u00bbSaber m\u00e1s sobre nosotros\u00bb button_link=\u00bb@ET-DC@eyJkeW5hbWljIjp0cnVlLCJjb250ZW50IjoicG9zdF9saW5rX3VybF9wYWdlIiwic2V0dGluZ3MiOnsicG9zdF9pZCI6IjQ0NzY0In19@\u00bb use_bg_overlay=\u00bbon\u00bb use_text_overlay=\u00bboff\u00bb _builder_version=\u00bb4.27.4&#8243; _dynamic_attributes=\u00bbbutton_link\u00bb _module_preset=\u00bbdefault\u00bb background_enable_color=\u00bboff\u00bb background_image=\u00bbhttps:\/\/fundacionlegar.org\/wp-content\/uploads\/2025\/06\/IMG_0143-scaled.jpg\u00bb background_enable_image=\u00bbon\u00bb button_use_icon=\u00bbon\u00bb global_colors_info=\u00bb{}\u00bb sticky_transition=\u00bbon\u00bb]<\/p>\n<p><span class=\"cita\">A Fundaci\u00f3n Legar impulsa a preservaci\u00f3n e difusi\u00f3n da m\u00fasica de ra\u00edz galega a trav\u00e9s de actividades, obradoiros, cursos, campa\u00f1as e colaboraci\u00f3n con entidades culturais.<\/span><\/p>\n<p>[\/et_pb_slide][et_pb_slide button_text=\u00bbLibro Aberto\u00bb button_link=\u00bb@ET-DC@eyJkeW5hbWljIjp0cnVlLCJjb250ZW50IjoicG9zdF9saW5rX3VybF9wYWdlIiwic2V0dGluZ3MiOnsicG9zdF9pZCI6IjQ0ODYzIn19@\u00bb use_bg_overlay=\u00bbon\u00bb use_text_overlay=\u00bboff\u00bb _builder_version=\u00bb4.27.4&#8243; _dynamic_attributes=\u00bbbutton_link\u00bb _module_preset=\u00bbdefault\u00bb header_text_color=\u00bb#FFFFFF\u00bb body_text_color=\u00bb#e3e4df\u00bb background_image=\u00bbhttps:\/\/fundacionlegar.org\/wp-content\/uploads\/2025\/06\/IMG_7236-scaled.jpg\u00bb background_enable_image=\u00bbon\u00bb button_use_icon=\u00bbon\u00bb custom_css_free_form=\u00bb||\u00bb global_colors_info=\u00bb{}\u00bb sticky_transition=\u00bbon\u00bb]<\/p>\n<p><span class=\"cita\">Este proxecto naceu en Seara: o lugar ideal para preservar o legado de 40 anos de Xabier Blanco, a memoria viva da m\u00fasica e as ra\u00edces gallegas.<\/span><\/p>\n<p>[\/et_pb_slide][et_pb_slide button_text=\u00bbVis\u00edtanos\u00bb button_link=\u00bbhttps:\/\/maps.app.goo.gl\/wv1jcNPLfXDN4BA47&#8243; use_bg_overlay=\u00bbon\u00bb use_text_overlay=\u00bboff\u00bb _builder_version=\u00bb4.27.4&#8243; _module_preset=\u00bbdefault\u00bb background_enable_color=\u00bboff\u00bb background_image=\u00bbhttps:\/\/fundacionlegar.org\/wp-content\/uploads\/2025\/06\/IMG_1615-scaled.jpg\u00bb background_enable_image=\u00bbon\u00bb button_use_icon=\u00bbon\u00bb button_on_hover=\u00bbon\u00bb global_colors_info=\u00bb{}\u00bb button_bg_enable_color__hover=\u00bbon\u00bb sticky_transition=\u00bbon\u00bb]<\/p>\n<p><span class=\"cita\"><em data-start=\"616\" data-end=\"681\">Esper\u00e1moste na Seara, no pleno Xeoparque das Monta\u00f1as do Courel<\/em><br data-start=\"681\" data-end=\"684\" \/><em data-start=\"684\" data-end=\"744\">Un espazo para descubrir a esencia da m\u00fasica de ra\u00edz.<\/em><\/span><\/p>\n<p>[\/et_pb_slide][\/et_pb_slider][\/et_pb_column][\/et_pb_row][\/et_pb_section][et_pb_section fb_built=\u00bb1&#8243; admin_label=\u00bbEventos\u00bb _builder_version=\u00bb4.20.4&#8243; _module_preset=\u00bbdefault\u00bb custom_margin=\u00bb0px|0px|0px|0px|true|true\u00bb custom_padding=\u00bb0px|0px|0px|0px|true|true\u00bb locked=\u00bboff\u00bb collapsed=\u00bboff\u00bb global_colors_info=\u00bb{}\u00bb][et_pb_row column_structure=\u00bb1_2,1_2&#8243; use_custom_gutter=\u00bbon\u00bb gutter_width=\u00bb1&#8243; custom_padding_last_edited=\u00bbon|desktop\u00bb disabled_on=\u00bboff|off|off\u00bb module_class=\u00bbrow-equal-columns\u00bb _builder_version=\u00bb4.27.4&#8243; _module_preset=\u00bbdefault\u00bb width=\u00bb100%\u00bb max_width=\u00bb100%\u00bb custom_margin=\u00bb0px|0px|0px|0px|true|true\u00bb custom_margin_tablet=\u00bb0px|0px|0px|0px|true|true\u00bb custom_margin_phone=\u00bb0px|0px|0px|0px|true|true\u00bb custom_margin_last_edited=\u00bbon|tablet\u00bb custom_padding=\u00bb0px|0px|0px|0px|false|true\u00bb custom_padding_tablet=\u00bb||2rem||false|true\u00bb custom_padding_phone=\u00bb||40px||false|true\u00bb global_colors_info=\u00bb{}\u00bb][et_pb_column type=\u00bb1_2&#8243; module_class=\u00bbcol-image\u00bb _builder_version=\u00bb4.27.4&#8243; _module_preset=\u00bbdefault\u00bb custom_padding=\u00bb|0px||0px|false|true\u00bb custom_padding_tablet=\u00bb|0rem||0rem|false|true\u00bb custom_padding_phone=\u00bb|0rem||0rem|false|true\u00bb custom_padding_last_edited=\u00bbon|phone\u00bb border_color_all=\u00bb#FFFFFF\u00bb global_colors_info=\u00bb{}\u00bb][et_pb_image src=\u00bbhttps:\/\/fundacionlegar.org\/wp-content\/uploads\/2025\/06\/IMG_7733-1-scaled.jpg\u00bb alt=\u00bbPrimer plano de las manos de una persona sosteniendo un instrumento musical hecho de una calabaza\u00bb title_text=\u00bbimage\u00bb align=\u00bbcenter\u00bb force_fullwidth=\u00bbon\u00bb src_tablet=\u00bbhttps:\/\/fundacionlegar.org\/wp-content\/uploads\/2025\/06\/IMG_1916-Mejorado-NR-scaled.jpg\u00bb src_phone=\u00bbhttps:\/\/fundacionlegar.org\/wp-content\/uploads\/2025\/06\/IMG_1916-Mejorado-NR-scaled.jpg\u00bb src_last_edited=\u00bboff|desktop\u00bb module_class=\u00bbimage-fill\u00bb _builder_version=\u00bb4.27.4&#8243; _module_preset=\u00bbdefault\u00bb box_shadow_style=\u00bbpreset1&#8243; box_shadow_vertical=\u00bb24px\u00bb box_shadow_blur=\u00bb72px\u00bb box_shadow_spread=\u00bb-12px\u00bb box_shadow_color=\u00bbrgba(0,0,0,0.12)\u00bb global_colors_info=\u00bb{%22gcid-7cadd8b3-5228-48e4-90c4-212d09232f7b%22:%91%22color%22%93}\u00bb background__hover_enabled=\u00bbon|desktop\u00bb][\/et_pb_image][\/et_pb_column][et_pb_column type=\u00bb1_2&#8243; module_class=\u00bbalign-center\u00bb _builder_version=\u00bb4.27.4&#8243; _module_preset=\u00bbdefault\u00bb custom_padding=\u00bb|3rem||3rem|false|false\u00bb custom_padding_tablet=\u00bb|3rem||3rem|false|false\u00bb custom_padding_phone=\u00bb|2rem||2rem|false|false\u00bb custom_padding_last_edited=\u00bbon|phone\u00bb global_colors_info=\u00bb{}\u00bb][et_pb_text module_id=\u00bbtxt-sup\u00bb _builder_version=\u00bb4.27.4&#8243; _module_preset=\u00bbdefault\u00bb header_2_text_color=\u00bb#D14000&#8243; custom_margin=\u00bb6rem||||false|false\u00bb custom_margin_tablet=\u00bb2rem||||false|false\u00bb custom_margin_phone=\u00bb||||false|false\u00bb custom_margin_last_edited=\u00bbon|phone\u00bb global_colors_info=\u00bb{}\u00bb]<\/p>\n<h2><span style=\"color: #32491b;\">Actividades<\/span><\/h2>\n<p>[\/et_pb_text][et_pb_text _builder_version=\u00bb4.27.4&#8243; _module_preset=\u00bbdefault\u00bb text_text_color=\u00bb#A38383&#8243; header_2_text_color=\u00bb#FFFFFF\u00bb custom_margin=\u00bb1rem||1rem||false|false\u00bb global_colors_info=\u00bb{}\u00bb]<\/p>\n<p>Descubra a m\u00fasica de ra\u00edces a trav\u00e9s da experiencia.<\/p>\n<p>Nas nosas <b>actividades<\/b>, a tradici\u00f3n v\u00edvese a trav\u00e9s das mans, da voz e do ritmo. Aprende a facer instrumentos, explora os sons da natureza e conecta coa esencia musical de Galicia a trav\u00e9s de actividades abertas e participativas accesibles a todas as idades.<\/p>\n<p><strong>Vive, sinte e crea m\u00fasica de ra\u00edz.<\/strong><\/p>\n<p>[\/et_pb_text][et_pb_button button_url=\u00bb@ET-DC@eyJkeW5hbWljIjp0cnVlLCJjb250ZW50IjoicG9zdF9saW5rX3VybF9wYWdlIiwic2V0dGluZ3MiOnsicG9zdF9pZCI6IjQ0ODA3In19@\u00bb button_text=\u00bbConoce m\u00e1s\u00bb _builder_version=\u00bb4.27.4&#8243; _dynamic_attributes=\u00bbbutton_url\u00bb _module_preset=\u00bbdefault\u00bb custom_button=\u00bbon\u00bb button_border_width=\u00bb1px\u00bb button_border_radius=\u00bb6px\u00bb custom_padding=\u00bb1rem||1rem|1rem|true|false\u00bb hover_enabled=\u00bb0&#8243; button_border_radius_tablet=\u00bb6px\u00bb button_border_radius_phone=\u00bb6px\u00bb button_border_radius_last_edited=\u00bbon|desktop\u00bb box_shadow_style=\u00bbpreset1&#8243; box_shadow_vertical=\u00bb3px\u00bb box_shadow_blur=\u00bb19px\u00bb box_shadow_spread=\u00bb-12px\u00bb locked=\u00bboff\u00bb global_colors_info=\u00bb{%22gcid-a93f2103-1d8b-43bb-b21d-81d84bba8b15%22:%91%22background_color_1%22,%22background_color_1%22,%22background_color_1%22,%22image_icon_background_color%22,%22image_icon_background_color%22,%22image_icon_background_color%22,%22image_icon_background_color%22,%22image_icon_background_color%22,%22background_color_1%22,%22image_icon_background_color%22,%22image_icon_background_color%22,%22button_bg_color__hover%22%93,%22gcid-779a3d53-700b-4950-9fae-611323b51b16%22:%91%22body_link_text_color%22,%22body_link_text_color%22,%22body_link_text_color%22,%22body_link_text_color%22,%22body_link_text_color%22,%22body_link_text_color%22,%22body_link_text_color%22%93}\u00bb custom_css_main_element_last_edited=\u00bbon|tablet\u00bb button_bg_color__hover_enabled=\u00bbon|hover\u00bb button_bg_color__hover=\u00bb\u00bb button_bg_enable_color__hover=\u00bboff\u00bb button_border_radius__hover_enabled=\u00bbon|desktop\u00bb button_border_radius__hover=\u00bb6px\u00bb custom_margin=\u00bb||2rem||false|false\u00bb sticky_enabled=\u00bb0&#8243;][\/et_pb_button][\/et_pb_column][\/et_pb_row][\/et_pb_section][et_pb_section fb_built=\u00bb1&#8243; admin_label=\u00bbEventos\u00bb _builder_version=\u00bb4.27.4&#8243; _module_preset=\u00bbdefault\u00bb background_enable_color=\u00bboff\u00bb use_background_color_gradient=\u00bbon\u00bb background_color_gradient_stops=\u00bbrgba(0,0,0,0.5) 0%|rgba(0,0,0,0.5) 100%\u00bb background_color_gradient_overlays_image=\u00bbon\u00bb background_image=\u00bbhttps:\/\/fundacionlegar.org\/wp-content\/uploads\/2025\/06\/IMG_0117-scaled.jpg\u00bb custom_padding=\u00bb90px||90px||true|false\u00bb locked=\u00bboff\u00bb collapsed=\u00bboff\u00bb global_colors_info=\u00bb{%22gcid-36fd78a7-34bc-404d-873c-dafa34efaae5%22:%91%22background_color%22%93}\u00bb][et_pb_row _builder_version=\u00bb4.27.4&#8243; _module_preset=\u00bb5138c454-be54-4233-bd3b-f8e6a8747976&#8243; custom_margin=\u00bb0px||||false|false\u00bb custom_padding=\u00bb0px||0px||true|false\u00bb locked=\u00bboff\u00bb global_colors_info=\u00bb{}\u00bb][et_pb_column type=\u00bb4_4&#8243; _builder_version=\u00bb4.27.4&#8243; _module_preset=\u00bb73121f80-a3ef-4484-8763-c3f18e3c56d2&#8243; global_colors_info=\u00bb{}\u00bb][et_pb_cta title=\u00bbLocalizaci\u00f3n\u00bb button_url=\u00bb@ET-DC@eyJkeW5hbWljIjp0cnVlLCJjb250ZW50IjoicG9zdF9saW5rX3VybF9wYWdlIiwic2V0dGluZ3MiOnsicG9zdF9pZCI6IjQ0ODQyIn19@\u00bb button_text=\u00bbVis\u00edtanos\u00bb _builder_version=\u00bb4.27.4&#8243; _dynamic_attributes=\u00bbbutton_url\u00bb _module_preset=\u00bb4c2ad5d0-871e-414e-a4be-aa9134d4ae8e\u00bb header_font=\u00bb|Alegreya_weight|||||||\u00bb header_text_align=\u00bbleft\u00bb header_text_color=\u00bb#32491b\u00bb header_font_size=\u00bb50px\u00bb header_line_height=\u00bb1.2em\u00bb body_font=\u00bb||||||||\u00bb body_text_color=\u00bb#3c3a47&#8243; body_font_size=\u00bb18px\u00bb body_line_height=\u00bb1.75em\u00bb background_color=\u00bb#FFFFFF\u00bb button_border_width=\u00bb1px\u00bb button_alignment=\u00bbleft\u00bb button_custom_margin=\u00bb||||true|true\u00bb button_custom_padding=\u00bb0.8rem||0.8rem|1rem|true|false\u00bb text_orientation=\u00bbleft\u00bb background_layout=\u00bblight\u00bb custom_padding=\u00bb60px|60px|60px|60px|true|true\u00bb custom_padding_tablet=\u00bb30px|30px|30px|30px|true|true\u00bb custom_padding_phone=\u00bb20px|20px|20px|20px|true|true\u00bb custom_padding_last_edited=\u00bbon|desktop\u00bb header_font_size_tablet=\u00bb28px\u00bb header_font_size_phone=\u00bb20px\u00bb header_font_size_last_edited=\u00bbon|phone\u00bb body_font_size_tablet=\u00bb16px\u00bb body_font_size_phone=\u00bb14px\u00bb body_font_size_last_edited=\u00bbon|phone\u00bb button_border_color_tablet=\u00bb\u00bb button_border_color_phone=\u00bb\u00bb button_border_color_last_edited=\u00bbon|desktop\u00bb border_width_all=\u00bb1px\u00bb border_style_all=\u00bbsolid\u00bb box_shadow_style=\u00bbpreset3&#8243; box_shadow_vertical=\u00bb24px\u00bb box_shadow_blur=\u00bb72px\u00bb box_shadow_spread=\u00bb-12px\u00bb box_shadow_color=\u00bbrgba(0,0,0,0.12)\u00bb locked=\u00bboff\u00bb global_colors_info=\u00bb{%22gcid-36fd78a7-34bc-404d-873c-dafa34efaae5%22:%91%22color%22,%22background_color%22%93,%22gcid-7cadd8b3-5228-48e4-90c4-212d09232f7b%22:%91%22color%22,%22color%22,%22color%22,%22color%22%93,%22gcid-f113ad93-2527-46d7-862b-fc71181c6b5e%22:%91%22border_color_all%22,%22border_color_all%22%93}\u00bb text_font_size_tablet=\u00bb16px\u00bb text_font_size_phone=\u00bb14px\u00bb text_font_size_last_edited=\u00bbon|phone\u00bb border_color_all__hover_enabled=\u00bbon|hover\u00bb border_color_all__hover=\u00bb#000000&#8243; button_border_width__hover_enabled=\u00bbon|hover\u00bb button_border_width__hover=\u00bb\u00bb]<\/p>\n<p style=\"text-align: left;\">O Centro est\u00e1 situado na <strong>aldea da Seara (Quiroga, Lugo)<\/strong>, unha das xoias arquitect\u00f3nicas e paisax\u00edsticas da Serra do Courel. As s\u00faas orixes medievais, as casas de pedra e tella, o r\u00edo Selmo e a presenza do pico Formigueiros crean un escenario perfecto para mergullarse na tranquilidade, o patrimonio e os sons ancestrais da nosa terra.<\/p>\n<p>[\/et_pb_cta][\/et_pb_column][\/et_pb_row][\/et_pb_section]<\/p>","protected":false},"excerpt":{"rendered":"<p>Centro de interpretaci\u00f3nda m\u00fasica de ra\u00edz622832227 \/ 667380573El Centro abre sus puertas de viernes a domingo y en d\u00edas festivos: Viernes: de 18:00 a 20:00 h S\u00e1bados: de 10:00 a 13:00 h y de 16:00 a 20:00 h Domingos: de 10:00 a 14:00 h Flexibilidad horaria: adem\u00e1s del horario habitual, es posible organizar visitas en [&hellip;]<\/p>","protected":false},"author":4,"featured_media":0,"parent":0,"menu_order":0,"comment_status":"closed","ping_status":"closed","template":"","meta":{"_acf_changed":false,"_et_pb_use_builder":"on","_et_pb_old_content":"","_et_gb_content_width":"","inline_featured_image":false,"_joinchat":[],"footnotes":""},"class_list":["post-44632","page","type-page","status-publish","hentry"],"acf":[],"yoast_head":"<!-- This site is optimized with the Yoast SEO plugin v24.9 - https:\/\/yoast.com\/wordpress\/plugins\/seo\/ -->\n<title>Centro de Interpretaci\u00f3n \u00b7 Fundaci\u00f3n Legar \u2013 Museo m\u00fasica tradicional<\/title>\n<meta name=\"description\" content=\"Visita el centro de interpretaci\u00f3n en A Seara (O Courel): exposici\u00f3n, conservaci\u00f3n y difusi\u00f3n del legado de la m\u00fasica de ra\u00edz gallega.\" \/>\n<meta name=\"robots\" content=\"index, follow, max-snippet:-1, max-image-preview:large, max-video-preview:-1\" \/>\n<link rel=\"canonical\" href=\"https:\/\/fundacionlegar.org\/gl\/centro-interpretacion-musica-de-raiz\/\" \/>\n<meta property=\"og:locale\" content=\"gl_ES\" \/>\n<meta property=\"og:type\" content=\"article\" \/>\n<meta property=\"og:title\" content=\"Centro de Interpretaci\u00f3n \u00b7 Fundaci\u00f3n Legar \u2013 Museo m\u00fasica tradicional\" \/>\n<meta property=\"og:description\" content=\"Visita el centro de interpretaci\u00f3n en A Seara (O Courel): exposici\u00f3n, conservaci\u00f3n y difusi\u00f3n del legado de la m\u00fasica de ra\u00edz gallega.\" \/>\n<meta property=\"og:url\" content=\"https:\/\/fundacionlegar.org\/gl\/centro-interpretacion-musica-de-raiz\/\" \/>\n<meta property=\"og:site_name\" content=\"Legar\" \/>\n<meta property=\"article:modified_time\" content=\"2025-11-20T13:44:37+00:00\" \/>\n<meta name=\"twitter:card\" content=\"summary_large_image\" \/>\n<script type=\"application\/ld+json\" class=\"yoast-schema-graph\">{\"@context\":\"https:\/\/schema.org\",\"@graph\":[{\"@type\":\"WebPage\",\"@id\":\"https:\/\/fundacionlegar.org\/centro-interpretacion-musica-de-raiz\/\",\"url\":\"https:\/\/fundacionlegar.org\/centro-interpretacion-musica-de-raiz\/\",\"name\":\"Centro de Interpretaci\u00f3n \u00b7 Fundaci\u00f3n Legar \u2013 Museo m\u00fasica tradicional\",\"isPartOf\":{\"@id\":\"https:\/\/fundacionlegar.org\/#website\"},\"datePublished\":\"2025-06-18T07:48:09+00:00\",\"dateModified\":\"2025-11-20T13:44:37+00:00\",\"description\":\"Visita el centro de interpretaci\u00f3n en A Seara (O Courel): exposici\u00f3n, conservaci\u00f3n y difusi\u00f3n del legado de la m\u00fasica de ra\u00edz gallega.\",\"breadcrumb\":{\"@id\":\"https:\/\/fundacionlegar.org\/centro-interpretacion-musica-de-raiz\/#breadcrumb\"},\"inLanguage\":\"gl-ES\",\"potentialAction\":[{\"@type\":\"ReadAction\",\"target\":[\"https:\/\/fundacionlegar.org\/centro-interpretacion-musica-de-raiz\/\"]}]},{\"@type\":\"BreadcrumbList\",\"@id\":\"https:\/\/fundacionlegar.org\/centro-interpretacion-musica-de-raiz\/#breadcrumb\",\"itemListElement\":[{\"@type\":\"ListItem\",\"position\":1,\"name\":\"Portada\",\"item\":\"https:\/\/fundacionlegar.org\/\"},{\"@type\":\"ListItem\",\"position\":2,\"name\":\"Centro De Interpretaci\u00f3n da M\u00fasica de Ra\u00edz\"}]},{\"@type\":\"WebSite\",\"@id\":\"https:\/\/fundacionlegar.org\/#website\",\"url\":\"https:\/\/fundacionlegar.org\/\",\"name\":\"Legar\",\"description\":\"Fundaci\u00f3n Legar\",\"potentialAction\":[{\"@type\":\"SearchAction\",\"target\":{\"@type\":\"EntryPoint\",\"urlTemplate\":\"https:\/\/fundacionlegar.org\/?s={search_term_string}\"},\"query-input\":{\"@type\":\"PropertyValueSpecification\",\"valueRequired\":true,\"valueName\":\"search_term_string\"}}],\"inLanguage\":\"gl-ES\"}]}<\/script>\n<!-- \/ Yoast SEO plugin. -->","yoast_head_json":{"title":"Centro de Interpretaci\u00f3n \u00b7 Fundaci\u00f3n Legar \u2013 Museo m\u00fasica tradicional","description":"Visita el centro de interpretaci\u00f3n en A Seara (O Courel): exposici\u00f3n, conservaci\u00f3n y difusi\u00f3n del legado de la m\u00fasica de ra\u00edz gallega.","robots":{"index":"index","follow":"follow","max-snippet":"max-snippet:-1","max-image-preview":"max-image-preview:large","max-video-preview":"max-video-preview:-1"},"canonical":"https:\/\/fundacionlegar.org\/gl\/centro-interpretacion-musica-de-raiz\/","og_locale":"gl_ES","og_type":"article","og_title":"Centro de Interpretaci\u00f3n \u00b7 Fundaci\u00f3n Legar \u2013 Museo m\u00fasica tradicional","og_description":"Visita el centro de interpretaci\u00f3n en A Seara (O Courel): exposici\u00f3n, conservaci\u00f3n y difusi\u00f3n del legado de la m\u00fasica de ra\u00edz gallega.","og_url":"https:\/\/fundacionlegar.org\/gl\/centro-interpretacion-musica-de-raiz\/","og_site_name":"Legar","article_modified_time":"2025-11-20T13:44:37+00:00","twitter_card":"summary_large_image","schema":{"@context":"https:\/\/schema.org","@graph":[{"@type":"WebPage","@id":"https:\/\/fundacionlegar.org\/centro-interpretacion-musica-de-raiz\/","url":"https:\/\/fundacionlegar.org\/centro-interpretacion-musica-de-raiz\/","name":"Centro de Interpretaci\u00f3n \u00b7 Fundaci\u00f3n Legar \u2013 Museo m\u00fasica tradicional","isPartOf":{"@id":"https:\/\/fundacionlegar.org\/#website"},"datePublished":"2025-06-18T07:48:09+00:00","dateModified":"2025-11-20T13:44:37+00:00","description":"Visita el centro de interpretaci\u00f3n en A Seara (O Courel): exposici\u00f3n, conservaci\u00f3n y difusi\u00f3n del legado de la m\u00fasica de ra\u00edz gallega.","breadcrumb":{"@id":"https:\/\/fundacionlegar.org\/centro-interpretacion-musica-de-raiz\/#breadcrumb"},"inLanguage":"gl-ES","potentialAction":[{"@type":"ReadAction","target":["https:\/\/fundacionlegar.org\/centro-interpretacion-musica-de-raiz\/"]}]},{"@type":"BreadcrumbList","@id":"https:\/\/fundacionlegar.org\/centro-interpretacion-musica-de-raiz\/#breadcrumb","itemListElement":[{"@type":"ListItem","position":1,"name":"Portada","item":"https:\/\/fundacionlegar.org\/"},{"@type":"ListItem","position":2,"name":"Centro De Interpretaci\u00f3n da M\u00fasica de Ra\u00edz"}]},{"@type":"WebSite","@id":"https:\/\/fundacionlegar.org\/#website","url":"https:\/\/fundacionlegar.org\/","name":"Legar","description":"Fundaci\u00f3n Legar","potentialAction":[{"@type":"SearchAction","target":{"@type":"EntryPoint","urlTemplate":"https:\/\/fundacionlegar.org\/?s={search_term_string}"},"query-input":{"@type":"PropertyValueSpecification","valueRequired":true,"valueName":"search_term_string"}}],"inLanguage":"gl-ES"}]}},"_links":{"self":[{"href":"https:\/\/fundacionlegar.org\/gl\/wp-json\/wp\/v2\/pages\/44632","targetHints":{"allow":["GET"]}}],"collection":[{"href":"https:\/\/fundacionlegar.org\/gl\/wp-json\/wp\/v2\/pages"}],"about":[{"href":"https:\/\/fundacionlegar.org\/gl\/wp-json\/wp\/v2\/types\/page"}],"author":[{"embeddable":true,"href":"https:\/\/fundacionlegar.org\/gl\/wp-json\/wp\/v2\/users\/4"}],"replies":[{"embeddable":true,"href":"https:\/\/fundacionlegar.org\/gl\/wp-json\/wp\/v2\/comments?post=44632"}],"version-history":[{"count":303,"href":"https:\/\/fundacionlegar.org\/gl\/wp-json\/wp\/v2\/pages\/44632\/revisions"}],"predecessor-version":[{"id":47513,"href":"https:\/\/fundacionlegar.org\/gl\/wp-json\/wp\/v2\/pages\/44632\/revisions\/47513"}],"wp:attachment":[{"href":"https:\/\/fundacionlegar.org\/gl\/wp-json\/wp\/v2\/media?parent=44632"}],"curies":[{"name":"wp","href":"https:\/\/api.w.org\/{rel}","templated":true}]}}